{"id":97,"date":"2018-06-12T14:02:00","date_gmt":"2018-06-12T14:02:00","guid":{"rendered":"https:\/\/campgemmi.ch\/?page_id=97"},"modified":"2026-03-10T09:40:53","modified_gmt":"2026-03-10T09:40:53","slug":"ausfluege","status":"publish","type":"page","link":"https:\/\/campgemmi.ch\/?page_id=97","title":{"rendered":"Ausfl\u00fcge"},"content":{"rendered":"<p>[et_pb_section fb_built=&#8220;1&#8243; admin_label=&#8220;section&#8220; _builder_version=&#8220;3.0.47&#8243;][et_pb_row _builder_version=&#8220;3.0.106&#8243;][et_pb_column type=&#8220;1_2&#8243; _builder_version=&#8220;3.0.106&#8243; parallax=&#8220;off&#8220; parallax_method=&#8220;on&#8220;][et_pb_blurb title=&#8220;Ausfl\u00fcge&#8220; _builder_version=&#8220;3.0.106&#8243; header_level=&#8220;h1&#8243; header_font=&#8220;||||||||&#8220;]<\/p>\n<p><span>Um einen Eindruck von der Vielfalt unserer Region zu vermitteln, geben wir Ihnen hier einige Empfehlungen f\u00fcr Ausfl\u00fcge mit Ihrem Fahrzeug.<\/span><\/p>\n<p>[\/et_pb_blurb][\/et_pb_column][et_pb_column type=&#8220;1_2&#8243; _builder_version=&#8220;3.0.106&#8243; parallax=&#8220;off&#8220; parallax_method=&#8220;on&#8220;][et_pb_image src=&#8220;https:\/\/campgemmi.ch\/wp-content\/uploads\/2018\/06\/504ABD82-D4F5-4BE0-A94B-4C232700BEA3.jpg&#8220; _builder_version=&#8220;3.0.106&#8243;][\/et_pb_image][\/et_pb_column][\/et_pb_row][et_pb_row _builder_version=&#8220;3.0.106&#8243;][et_pb_column type=&#8220;1_2&#8243; _builder_version=&#8220;3.0.106&#8243; parallax=&#8220;off&#8220; parallax_method=&#8220;on&#8220;][et_pb_blurb title=&#8220;Lac d&#8216; Emosson mit Blick auf die Mt-Blanc-Kette&#8220; _builder_version=&#8220;3.0.106&#8243;]<\/p>\n<div><span>Die Strasse von Martigny nach Chamonix \u00fcber den Forclaz-Pass (1527 m) geh\u00f6rt zu den sch\u00f6nsten der Schweiz. In langgezogenen Kurven steigt sie zur Passh\u00f6he und bietet ein begeisterndes Panorama. Lohnend ist der Ausflug \u00fcber Finhaut oder mit den\u00a0<\/span><a href=\"http:\/\/www.myswitzerland.com\/de-de\/emosson-alpenbahnen-a-la-disney-land.html\">Bahnen von Le Ch\u00e2telard<\/a><span>\u00a0zum\u00a0<\/span><a href=\"http:\/\/www.emossonresto.com\/\">Lac d\u2019 Emosson<\/a><span>. Vom Parkplatz La Gueulex, oberhalb der Staumauer des Sees, hat man einen herrlichen Blick auf Europas &#8222;Gipeltreffen&#8220; mit der Mt-Blanc-Kette und dem h\u00f6chsten Berg Europas mit\u00a04807 m.<\/span><\/div>\n<p>[\/et_pb_blurb][\/et_pb_column][et_pb_column type=&#8220;1_2&#8243; _builder_version=&#8220;3.0.106&#8243; parallax=&#8220;off&#8220; parallax_method=&#8220;on&#8220;][et_pb_gallery gallery_ids=&#8220;382,380&#8243; gallery_captions=&#8220;,&#8220; posts_number=&#8220;2&#8243; _builder_version=&#8220;3.0.106&#8243;][\/et_pb_gallery][\/et_pb_column][\/et_pb_row][et_pb_row _builder_version=&#8220;3.0.106&#8243;][et_pb_column type=&#8220;1_2&#8243; _builder_version=&#8220;3.0.106&#8243; parallax=&#8220;off&#8220; parallax_method=&#8220;on&#8220;][et_pb_blurb title=&#8220;Im Val d\u2019H\u00e9r\u00e9mence&#8220; _builder_version=&#8220;3.0.106&#8243;]<\/p>\n<p><span>Etwa 450 H\u00f6henmeter oberhalb Sion liegt Vex, das Tor zum Val d&#8216; H\u00e9rens und Val d&#8217;H\u00e9r\u00e9mence. F\u00fcnf km nach Vex sind die\u00a0<\/span><a href=\"http:\/\/www.schweizerseiten.ch\/Euseigne\/Euseigne_Info.htm\">Pyramiden von Euseigne<\/a><span>. Sie entstanden, indem lockerer eiszeitlichem Mor\u00e4nenschutt zu bizarren Formen ausgewaschen wurde. Dort, wo Steinplatten eine regelm\u00e4ssige Erosion verhinderten, blieben Pyramiden unter den Deckplatten zur\u00fcck. Zum 285 m hohen Staudamm\u00a0<\/span><a href=\"http:\/\/www.grande-dixence.ch\/energie\/wasserkraft\/wallis\/grande-dixence.html\">Grande Dixence<\/a><span>\u00a0<\/span><span>zweigt man in Vex ab und kommt \u00fcber Pralong zum Parkplatz am Fuss des Staudamms. Mit der Seilschwebebahn l\u00e4sst sich die Dammkrone (2364 m) bequem erreichen.<\/span><span>\u00a0<\/span><\/p>\n<p>[\/et_pb_blurb][\/et_pb_column][et_pb_column type=&#8220;1_2&#8243; _builder_version=&#8220;3.0.106&#8243; parallax=&#8220;off&#8220; parallax_method=&#8220;on&#8220;][et_pb_gallery gallery_ids=&#8220;371,377&#8243; gallery_captions=&#8220;,&#8220; posts_number=&#8220;2&#8243; _builder_version=&#8220;3.0.106&#8243;][\/et_pb_gallery][\/et_pb_column][\/et_pb_row][et_pb_row _builder_version=&#8220;3.0.106&#8243;][et_pb_column type=&#8220;1_2&#8243; _builder_version=&#8220;3.0.106&#8243; parallax=&#8220;off&#8220; parallax_method=&#8220;on&#8220;][et_pb_blurb title=&#8220;Derborence und Sanetsch&#8220; _builder_version=&#8220;3.0.106&#8243;]<\/p>\n<p><span>Die Landschaft im Kessel der\u00a0<\/span><a href=\"http:\/\/de.wikipedia.org\/wiki\/Lac_de_Derborence\">Derborence<\/a><span>\u00a0entstand nach dem verherenden Bergsturz von 1814. Damals entstand\u00a0 ein Bergsee, um den wir heute eine naturgesch\u00fctzte Landschaft und einen der wenigen Urw\u00e4lder der Schweiz finden.\u00a0<\/span><span>Durch das Tal der Morge geht es zum\u00a0<\/span><a href=\"http:\/\/www.alpenpass.com\/schweiz\/sanetsch\/sanetsch.htm\">Sanetsch<\/a><span>-Pass (2242m) und weiter zum Sanetsch-See (2035m). Die Fahrt vermittelt eine pr\u00e4chtige Aussicht auf die Walliser und Berner Alpen. Oberhalb des Sanetschsees gibt es ein beliebtes\u00a0<\/span><span>Berg-Restaurant<\/span><span>.<\/span><\/p>\n<p>[\/et_pb_blurb][\/et_pb_column][et_pb_column type=&#8220;1_2&#8243; _builder_version=&#8220;3.0.106&#8243; parallax=&#8220;off&#8220; parallax_method=&#8220;on&#8220;][et_pb_gallery gallery_ids=&#8220;370,384&#8243; gallery_captions=&#8220;,&#8220; posts_number=&#8220;2&#8243; _builder_version=&#8220;3.0.106&#8243;][\/et_pb_gallery][\/et_pb_column][\/et_pb_row][et_pb_row _builder_version=&#8220;3.0.106&#8243;][et_pb_column type=&#8220;1_2&#8243; _builder_version=&#8220;3.0.106&#8243; parallax=&#8220;off&#8220; parallax_method=&#8220;on&#8220;][et_pb_blurb title=&#8220;Im Val d&#8216; Anniviers&#8220; _builder_version=&#8220;3.0.106&#8243;]<\/p>\n<p><span>Etwa 450 H\u00f6henmeter oberhalb Sion liegt Vex, das Tor zum Val d&#8216; H\u00e9rens und Val d&#8217;H\u00e9r\u00e9mence. F\u00fcnf km nach Vex sind die\u00a0<\/span><a class=\"osContentA\" href=\"http:\/\/www.schweizerseiten.ch\/Euseigne\/Euseigne_Info.htm\" target=\"_blank\" rel=\"noopener\"><span>Pyramiden von Euseigne<\/span><\/a><span>. Sie entstanden, indem lockerer eiszeitlichem Mor\u00e4nenschutt zu bizarren Formen ausgewaschen wurde. Dort, wo Steinplatten eine regelm\u00e4ssige Erosion verhinderten, blieben Pyramiden unter den Deckplatten zur\u00fcck. Zum 285 m hohen Staudamm\u00a0<\/span><span><a class=\"osContentA\" href=\"http:\/\/www.grande-dixence.ch\/energie\/wasserkraft\/wallis\/grande-dixence.html\" target=\"_blank\" rel=\"noopener\">Grande Dixence<\/a>\u00a0<\/span><span>zweigt man in Vex ab und kommt \u00fcber Pralong zum Parkplatz am Fuss des Staudamms. Mit der Seilschwebebahn l\u00e4sst sich die Dammkrone (2364 m) bequem erreichen.<\/span><span>\u00a0<\/span><\/p>\n<p>[\/et_pb_blurb][\/et_pb_column][et_pb_column type=&#8220;1_2&#8243; _builder_version=&#8220;3.0.106&#8243; parallax=&#8220;off&#8220; parallax_method=&#8220;on&#8220;][et_pb_gallery gallery_ids=&#8220;367,368&#8243; gallery_captions=&#8220;,&#8220; posts_number=&#8220;2&#8243; _builder_version=&#8220;3.0.106&#8243;][\/et_pb_gallery][\/et_pb_column][\/et_pb_row][et_pb_row _builder_version=&#8220;3.0.106&#8243;][et_pb_column type=&#8220;1_2&#8243; _builder_version=&#8220;3.0.106&#8243; parallax=&#8220;off&#8220; parallax_method=&#8220;on&#8220;][et_pb_blurb title=&#8220;Im L\u00f6tschental&#8220; _builder_version=&#8220;3.0.106&#8243;]<\/p>\n<p><span>Das etwa 18 km lange\u00a0<\/span><a href=\"http:\/\/www.vs-wallis.ch\/wallis\/loetsch\/main.html\">L\u00f6tschental<\/a><span>\u00a0zieht sich entlang der wilden Schlucht der Lonza von Ferden (1375 m) nach Nordwesten \u00fcber den Langgletscher bis zur L\u00f6tschenl\u00fccke (3178 m), dem \u00dcbergang ins Aletschgebiet. Die Autostrasse f\u00fchrt durch Ferden, Kippel, Wiler und Blatten und endet beim grossen Parkplatz der Fafleralp (1788 m). Das\u00a0Tal ist eingerahmt von\u00a0zahlreichen majest\u00e4tischen Bergen\u00a0und Gletschern. Hier l\u00e4sst sich auf gut ausgebauten Wegen wie z.B. dem H\u00f6henweg, der m\u00fchelos mit der Kabinenbahn Wiler-Lauchernalp (2106 m) zu erreichen ist, hervorragend wandern.\u00a0<\/span><\/p>\n<p>[\/et_pb_blurb][\/et_pb_column][et_pb_column type=&#8220;1_2&#8243; _builder_version=&#8220;3.0.106&#8243; parallax=&#8220;off&#8220; parallax_method=&#8220;on&#8220;][et_pb_gallery gallery_ids=&#8220;374,375&#8243; gallery_captions=&#8220;,&#8220; posts_number=&#8220;2&#8243; _builder_version=&#8220;3.0.106&#8243;][\/et_pb_gallery][\/et_pb_column][\/et_pb_row][et_pb_row _builder_version=&#8220;3.0.106&#8243;][et_pb_column type=&#8220;1_2&#8243; _builder_version=&#8220;3.0.106&#8243; parallax=&#8220;off&#8220; parallax_method=&#8220;on&#8220;][et_pb_blurb title=&#8220;Matterhorn und die Berge von Zermatt&#8220; _builder_version=&#8220;3.0.106&#8243;]<\/p>\n<p><a href=\"http:\/\/www.zermatt.ch\/\">Zermatt<\/a><span>\u00a0<\/span><span>wird beherrscht von einem Kranz von Bergriesen, die es in einem weiten Halbrund umstehen und als die m\u00e4chtigsten der Schweiz fast alle \u00fcber 4000 m hoch sind: die Mischabelh\u00f6rner (4545 m), die Monte Rosa Gruppe (4634 m), das Zinalrothorn (4221 m), die Weisshorn Gruppe (4505 m) und mitten zwischen ihnen das gewaltige\u00a0<\/span><a href=\"http:\/\/www.bielefeldt.de\/matterh.htm\">Matterhorn\u00a0<\/a><span>(4478 m), auch &#8222;Fuji Zermatt&#8220; genannt. Den sch\u00f6nsten Berg der Erde kann am besten von Zermatt aus bewundern. Wer den Bergriesen noch n\u00e4her sein m\u00f6chte, nimmt eine der Bergbahnen, z.B. die\u00a0<\/span><a href=\"http:\/\/www.ggb.ch\">GGB<\/a><span>, eine Zahnradbahn, die bis zum Gornergrat (3090m) hinauf f\u00e4hrt. Eine finanzielle Investition, aber auch ein Erlebnis, das man wohl nie vergisst.<\/span><\/p>\n<p>[\/et_pb_blurb][\/et_pb_column][et_pb_column type=&#8220;1_2&#8243; _builder_version=&#8220;3.0.106&#8243; parallax=&#8220;off&#8220; parallax_method=&#8220;on&#8220;][et_pb_gallery gallery_ids=&#8220;381,369&#8243; gallery_captions=&#8220;,&#8220; posts_number=&#8220;2&#8243; _builder_version=&#8220;3.0.106&#8243;][\/et_pb_gallery][\/et_pb_column][\/et_pb_row][et_pb_row _builder_version=&#8220;3.0.106&#8243;][et_pb_column type=&#8220;1_2&#8243; _builder_version=&#8220;3.0.106&#8243; parallax=&#8220;off&#8220; parallax_method=&#8220;on&#8220;][et_pb_blurb title=&#8220;Gletscherwelt von Hohsaas im Saastal&#8220; _builder_version=&#8220;3.0.106&#8243;]<\/p>\n<p><span>Der\u00a0<\/span><a href=\"http:\/\/www.pronatura.ch\/aletsch\/de\/natur\/aletschgletscher.html\">Aletschgletscher<\/a><span>, gr\u00f6sster Alpengletscher,\u00a0<\/span><span>UNESCO-Weltnaturerbe<\/span><span>, ist etwa 24 km lang und bedeckt eine Gesamtfl\u00e4che von 120 Quadratkilometern. Riederalp, Bettmeralp und Fiescheralp liegen als autofreie Orte auf einem Hochplateau von etwa 2000 bis 2200 m nahe dem Gletscher. Von dort erreichen Sie mit den Bergbahnen Hohfluh, Moosfluh, Bettmerhorn und Eggishorn die besten Aussichtspunkte.<\/span><\/p>\n<p>[\/et_pb_blurb][\/et_pb_column][et_pb_column type=&#8220;1_2&#8243; _builder_version=&#8220;3.0.106&#8243; parallax=&#8220;off&#8220; parallax_method=&#8220;on&#8220;][et_pb_gallery gallery_ids=&#8220;383,376&#8243; gallery_captions=&#8220;,&#8220; posts_number=&#8220;2&#8243; _builder_version=&#8220;3.0.106&#8243;][\/et_pb_gallery][\/et_pb_column][\/et_pb_row][et_pb_row _builder_version=&#8220;3.0.106&#8243;][et_pb_column type=&#8220;1_2&#8243; _builder_version=&#8220;3.0.106&#8243; parallax=&#8220;off&#8220; parallax_method=&#8220;on&#8220;][et_pb_blurb title=&#8220;Italien &#8211; Ossola, Val Vigezzo, Lago Maggiore&#8220; _builder_version=&#8220;3.0.106&#8243;]<\/p>\n<div><span>Unsere Rundreise durch die Provinz Ossola<\/span><span>\u00a0f\u00fchrt uns am Samstagmorgen auf den Markt von\u00a0<\/span><a href=\"http:\/\/www.geo.de\/reisen\/community\/reisebericht\/431191\/1\/Samstagsmarkt-Domodossola\">Domodossola<\/a><span>, durch das Val Vigezzo zur eindrucksvollen Wallfahrtskirche von\u00a0<\/span><a href=\"http:\/\/www.distrettolaghi.it\/de\/luoghi\/re-madonna-del-sangue-heiligtum-und-museum\">Re<\/a><span>, auf der kurvenreichen, engen Strasse des Val Cannobina zum\u00a0<\/span><a href=\"http:\/\/www.reisefuehrer-lagomaggiore.de\/\">Lago Maggiore<\/a><span>, \u00fcber Verbania zum\u00a0<\/span><a href=\"http:\/\/www.reisefuehrer-lagomaggiore.de\/mergozzo.php\">Lago di Mergozzo<\/a><span>\u00a0und \u00fcber den Simplon zur\u00fcck.<\/span><\/div>\n<div><span>Route:<\/span><span>\u00a0vom Camping nach Osten, vor Brig \u00fcber den Simplonpass nach\u00a0<\/span><span>Domodossola<\/span><span>\u00a0\u2192 auf der SS 337 (Richtung Locarno) nach\u00a0<\/span><span>Re<\/span><span>\u00a0\u2192\u00a0etwa 5 km zur\u00fcck und links ab zum Lago Maggiore, Cannobio, Verbania,\u00a0\u00a0<\/span><span>Mergozzo<\/span><span>\u00a0\u2192 Richtung\u00a0<\/span><span>Sempione\u00a0<\/span><span>(Simplon), Brig,\u00a0Visp, zum Camping<\/span><span>\u00a0<\/span><\/div>\n<p>[\/et_pb_blurb][\/et_pb_column][et_pb_column type=&#8220;1_2&#8243; _builder_version=&#8220;3.0.106&#8243; parallax=&#8220;off&#8220; parallax_method=&#8220;on&#8220;][et_pb_gallery gallery_ids=&#8220;372,379&#8243; gallery_captions=&#8220;,&#8220; posts_number=&#8220;2&#8243; _builder_version=&#8220;3.0.106&#8243;][\/et_pb_gallery][\/et_pb_column][\/et_pb_row][et_pb_row _builder_version=&#8220;3.0.106&#8243;][et_pb_column type=&#8220;1_2&#8243; _builder_version=&#8220;3.0.106&#8243; parallax=&#8220;off&#8220; parallax_method=&#8220;on&#8220;][et_pb_blurb _builder_version=&#8220;3.0.106&#8243;]<\/p>\n<p>Der Furka-Pass (2431 m) ist die Verbindung vom Wallis in den Kanton Uri. Die Pass-Strasse beginnt in Gletsch mit direktem Blick zum Rhonegletscher, Eish\u00f6hle an der Pass-Strasse beim Hotel Belvedere. Von den Parkpl\u00e4tzen an der Strasse kann man immer wieder einen phantastischen Ausblick ins Tal und zum benachbarten Grimsel-Pass geniessen.<\/p>\n<p>Der Gotthard-Pass (2109 m) ist seit ewigen Zeiten eine der bedeutendsten europ\u00e4ischen Nord-S\u00fcdverbindungen. Neben der Bundesstrasse gibt es immer noch die alte Poststrasse durch das Val Tremola, die wir empfehlen. Auf teilweise liebevoll restauriertem Kopfsteinpflaster bewundern wir die alte, enge Serpentinenstrasse, die uns abseits der stark befahrenen Bundesstrasse ins Tessin f\u00fchrt. Man glaubt sich geradezu in ein anderes Jahrhundert versetzt, insbesondere wenn man einmal der historischen Postkutsche Andermatt-Airolo begegnet.<\/p>\n<p>Der Nufenen-Pass (2478 m) ist der h\u00f6chste innerschweizer Pass und deshalb ist die Strasse oft bis in den Sommer hinein von hohen Schneew\u00e4nden begrenzt. Die Auffahrt von Airolo auf einer breiter Betonplattenpiste f\u00fchrt durch das reizvolle Bedretto-Tal mit herrlichem Ausblick nach Osten. Auf zahlreichen Serpentinen \u00fcberqueren wir den Nufenen und kommen auf gut ausgebauter Serpentinenstrasse zur\u00fcck ins Goms im Kanton Wallis.<\/p>\n<p>[\/et_pb_blurb][\/et_pb_column][et_pb_column type=&#8220;1_2&#8243; _builder_version=&#8220;3.0.106&#8243; parallax=&#8220;off&#8220; parallax_method=&#8220;on&#8220;][et_pb_gallery gallery_ids=&#8220;378&#8243; posts_number=&#8220;1&#8243; _builder_version=&#8220;3.0.106&#8243;][\/et_pb_gallery][\/et_pb_column][\/et_pb_row][et_pb_row _builder_version=&#8220;3.0.106&#8243;][et_pb_column type=&#8220;1_2&#8243; _builder_version=&#8220;3.0.106&#8243; parallax=&#8220;off&#8220; parallax_method=&#8220;on&#8220;][et_pb_text _builder_version=&#8220;3.0.106&#8243;]<\/p>\n<div class=\"pSevenMain\">\n<div id=\"pSevenContent\">\n<div class=\"screens\">\n<div class=\"screen MailLayout\" data-view-model=\"Mail_LayoutSidePane_MailViewModel\" data-bind=\"template: {name: 'Mail_LayoutSidePane_MailViewModel'}\">\n<div class=\"panels list_active\" data-bind=\"splitter: {name: 'folders', sizeLeft: 200, minLeft: 20, minRight: 40, resizeToWidth: true},  css: {'folder_active': selectedPanel() === Enums.MobilePanel.Groups,  'list_active': selectedPanel() === Enums.MobilePanel.Items, 'viewer_active': selectedPanel() === Enums.MobilePanel.View}\">\n<div class=\"panel_helper\" data-bind=\"splitter: {name: 'messages', sizeLeft: 400, minLeft: 396, minRight: 10, collapse: true}\">\n<div class=\"panel item_viewer message_viewer\">\n<div class=\"panel_content\">\n<div class=\"middle_bar\" data-bind=\"template: {name: 'Mail_LayoutSidePane_MessagePaneViewModel', data: oMessagePane}\">\n<div class=\"panel_center\" data-bind=\"heightAdjust: {'elements': [domMessageHeader, domQuickReply], 'triggers': [detailsVisible(), currentMessage(), replyPaneVisible(), replyTextFocusThrottled()]}\">\n<div class=\"panels\" data-bind=\"css: {'has_attachments': hasNotInlineAttachments, 'view_attachments': visibleAttachments}\">\n<div class=\"panel left_panel\">\n<div class=\"message scroll-wrap has_bodytext\" data-bind=\"customScrollbar: {x: true, y: true, 'reset': displayedMessageUid()}, css: {'has_bodytext': hasBodyText, 'has_attachments': hasNotInlineAttachments}\">\n<div class=\"message_content scroll-inner\" data-bind=\"hasfocus: contentHasFocus\">\n<div class=\"message_body html\" dir=\"ltr\" data-bind=\"initDom: domTextBody, attr: {'dir': rtlMessage() ? 'rtl' : 'ltr'}\">\n<div lang=\"DE-CH\" data-x-div-type=\"body\" vlink=\"#954F72\" link=\"#0563C1\">\n<p><span style=\"font-family: 'Arial',sans-serif; font-size: 10pt;\">ErlebnisCard<\/span><\/p>\n<p><span style=\"font-family: 'Arial',sans-serif; font-size: 10pt;\">Mit der <u>ErlebnisCard <\/u>haben Sie an 2-, 3-, oder 5-Tagen im ganzen Oberwallis\/Berner Oberland freie Fahrt auf 761 km Bahn- und Busstrecken und 50% auf 100 Bahnen und 70 ErlebnisPoints. Interessant vor allem f\u00fcr fixe Mobilhome-G\u00e4ste, die mit dem \u00d6ffentlichen Verkehr unterwegs sind. <a href=\"https:\/\/unterwegs.sob.ch\/de\/pages\/erlebniscard-test\">ErlebnisCard (test)<\/a><\/span><\/p>\n<\/div>\n<\/div>\n<\/div>\n<\/div>\n<\/div>\n<\/div>\n<\/div>\n<\/div>\n<\/div>\n<\/div>\n<\/div>\n<\/div>\n<\/div>\n<\/div>\n<\/div>\n<\/div>\n<p>[\/et_pb_text][\/et_pb_column][et_pb_column type=&#8220;1_2&#8243; _builder_version=&#8220;3.0.106&#8243; parallax=&#8220;off&#8220; parallax_method=&#8220;on&#8220;][et_pb_image src=&#8220;https:\/\/campgemmi.ch\/wp-content\/uploads\/2019\/07\/Erlebniscard.png&#8220; _builder_version=&#8220;3.0.106&#8243;][\/et_pb_image][\/et_pb_column][\/et_pb_row][\/et_pb_section]<\/p>\n","protected":false},"excerpt":{"rendered":"<p>[et_pb_section fb_built=&#8220;1&#8243; admin_label=&#8220;section&#8220; _builder_version=&#8220;3.0.47&#8243;][et_pb_row _builder_version=&#8220;3.0.106&#8243;][et_pb_column type=&#8220;1_2&#8243; _builder_version=&#8220;3.0.106&#8243; parallax=&#8220;off&#8220; parallax_method=&#8220;on&#8220;][et_pb_blurb title=&#8220;Ausfl\u00fcge&#8220; _builder_version=&#8220;3.0.106&#8243; header_level=&#8220;h1&#8243; header_font=&#8220;||||||||&#8220;] Um einen Eindruck von der Vielfalt unserer Region zu vermitteln, geben wir Ihnen hier einige Empfehlungen f\u00fcr Ausfl\u00fcge mit Ihrem Fahrzeug. [\/et_pb_blurb][\/et_pb_column][et_pb_column type=&#8220;1_2&#8243; _builder_version=&#8220;3.0.106&#8243; parallax=&#8220;off&#8220; parallax_method=&#8220;on&#8220;][et_pb_image src=&#8220;https:\/\/campgemmi.ch\/wp-content\/uploads\/2018\/06\/504ABD82-D4F5-4BE0-A94B-4C232700BEA3.jpg&#8220; _builder_version=&#8220;3.0.106&#8243;][\/et_pb_image][\/et_pb_column][\/et_pb_row][et_pb_row _builder_version=&#8220;3.0.106&#8243;][et_pb_column type=&#8220;1_2&#8243; _builder_version=&#8220;3.0.106&#8243; parallax=&#8220;off&#8220; parallax_method=&#8220;on&#8220;][et_pb_blurb title=&#8220;Lac d&#8216; Emosson mit Blick auf die Mt-Blanc-Kette&#8220; _builder_version=&#8220;3.0.106&#8243;] [&hellip;]<\/p>\n","protected":false},"author":1,"featured_media":0,"parent":0,"menu_order":0,"comment_status":"closed","ping_status":"closed","template":"","meta":{"footnotes":""},"_links":{"self":[{"href":"https:\/\/campgemmi.ch\/index.php?rest_route=\/wp\/v2\/pages\/97"}],"collection":[{"href":"https:\/\/campgemmi.ch\/index.php?rest_route=\/wp\/v2\/pages"}],"about":[{"href":"https:\/\/campgemmi.ch\/index.php?rest_route=\/wp\/v2\/types\/page"}],"author":[{"embeddable":true,"href":"https:\/\/campgemmi.ch\/index.php?rest_route=\/wp\/v2\/users\/1"}],"replies":[{"embeddable":true,"href":"https:\/\/campgemmi.ch\/index.php?rest_route=%2Fwp%2Fv2%2Fcomments&post=97"}],"version-history":[{"count":18,"href":"https:\/\/campgemmi.ch\/index.php?rest_route=\/wp\/v2\/pages\/97\/revisions"}],"predecessor-version":[{"id":2174,"href":"https:\/\/campgemmi.ch\/index.php?rest_route=\/wp\/v2\/pages\/97\/revisions\/2174"}],"wp:attachment":[{"href":"https:\/\/campgemmi.ch\/index.php?rest_route=%2Fwp%2Fv2%2Fmedia&parent=97"}],"curies":[{"name":"wp","href":"https:\/\/api.w.org\/{rel}","templated":true}]}}