{"id":94,"date":"2018-06-12T14:01:19","date_gmt":"2018-06-12T14:01:19","guid":{"rendered":"https:\/\/campgemmi.ch\/?page_id=94"},"modified":"2018-07-25T13:13:56","modified_gmt":"2018-07-25T13:13:56","slug":"alpine-erlebnisse","status":"publish","type":"page","link":"https:\/\/campgemmi.ch\/?page_id=94","title":{"rendered":"Alpine Erlebnisse"},"content":{"rendered":"<p>[et_pb_section fb_built=&#8220;1&#8243; admin_label=&#8220;section&#8220; _builder_version=&#8220;3.0.47&#8243;][et_pb_row _builder_version=&#8220;3.0.106&#8243;][et_pb_column type=&#8220;1_2&#8243; _builder_version=&#8220;3.0.106&#8243; parallax=&#8220;off&#8220; parallax_method=&#8220;on&#8220;][et_pb_blurb title=&#8220;Bergh\u00fctten&#8220; _builder_version=&#8220;3.0.106&#8243; header_level=&#8220;h1&#8243; header_font=&#8220;||||||||&#8220;]<\/p>\n<p><span>Bergh\u00fctten sind sowohl Ziel von Wanderungen als auch Ausgangspunkt alpiner Touren. Wenn Sie dort \u00fcbernachten wollen, empfehlen wir dringend vorher zu reservieren, denn besonders in der Hauptsaison sind die Pl\u00e4tze schnell belegt. Hier einige zur Auswahl:<\/span><\/p>\n<table border=\"0\">\n<colgroup>\n<col \/><\/colgroup>\n<tbody>\n<tr>\n<td>\n<div><img decoding=\"async\" width=\"1\" src=\"data:image\/gif;base64,R0lGODlhAQABAJEAAAAAAP\/\/\/\/\/\/\/wAAACH5BAUUAAIALAAAAAABAAEAAAICVAEAOw==\" \/><\/div>\n<\/td>\n<\/tr>\n<tr>\n<td>\n<div>\n<div>\n<div><span>Turtmannh\u00fctte, 2&#8217;519 m.\u00fc.M.<\/span><\/div>\n<div><span>Telefon +41 27 932.14.55<\/span><\/div>\n<div><span>mit dem Auto \u00fcber Turtmann, Oberems bis zum Ende des Turtmanntales<\/span><\/div>\n<div><span>Aufstieg ca. 2 Stunden<\/span><\/div>\n<\/div>\n<\/div>\n<\/td>\n<\/tr>\n<tr>\n<td>\n<div><img decoding=\"async\" width=\"1\" src=\"data:image\/gif;base64,R0lGODlhAQABAJEAAAAAAP\/\/\/\/\/\/\/wAAACH5BAUUAAIALAAAAAABAAEAAAICVAEAOw==\" \/><\/div>\n<\/td>\n<\/tr>\n<tr>\n<td>\n<div>\n<div>\n<div><span>Sch\u00f6nbielh\u00fctte, 2&#8217;694 m.\u00fc.M.<\/span><\/div>\n<div><span>Telefon +41 27 967.13.54<\/span><\/div>\n<div><span>Aufstieg ab Zermatt, Marschzeit ca. 4 Stunden,<\/span><\/div>\n<div><span>beim Aufstieg immer das Matterhorn vor Augen<\/span><\/div>\n<\/div>\n<\/div>\n<\/td>\n<\/tr>\n<tr>\n<td>\n<div><img decoding=\"async\" width=\"1\" src=\"data:image\/gif;base64,R0lGODlhAQABAJEAAAAAAP\/\/\/\/\/\/\/wAAACH5BAUUAAIALAAAAAABAAEAAAICVAEAOw==\" \/><\/div>\n<\/td>\n<\/tr>\n<tr>\n<td>\n<div>\n<div>\n<div><span>T\u00e4schh\u00fctte, 2&#8217;701 m.\u00fc.M.<\/span><\/div>\n<div><span>Telefon +41 27 967.39.13<\/span><\/div>\n<div><span>ab T\u00e4sch mit dem Auto bis Ottavan,<\/span><\/div>\n<div><span>Aufstieg ca. 1,5 Stunden<\/span><\/div>\n<div><span>Herrliche Alpenflora (Edelweiss)<\/span><\/div>\n<\/div>\n<\/div>\n<\/td>\n<\/tr>\n<tr>\n<td>\n<div><img decoding=\"async\" width=\"1\" src=\"data:image\/gif;base64,R0lGODlhAQABAJEAAAAAAP\/\/\/\/\/\/\/wAAACH5BAUUAAIALAAAAAABAAEAAAICVAEAOw==\" \/><\/div>\n<\/td>\n<\/tr>\n<tr>\n<td>\n<div>\n<div>\n<div><span>Weissmiesh\u00fctte, 2&#8217;726 m.\u00fc.M.<\/span><\/div>\n<div><span>Telefon +41 27 957.25.54<\/span><\/div>\n<div><span>(Ausgangspunkt f\u00fcr Klettersteig J\u00e4gihorn)<\/span><\/div>\n<div><span>mit der Bergbahn Saas-Grund nach Kreuzboden, von dort etwa 1 Stunde zu Fuss<\/span><\/div>\n<div><span>oder ab Saas-Grund direkt mit langem H\u00fcttenanstieg von fast 4 Stunden<\/span><\/div>\n<\/div>\n<\/div>\n<\/td>\n<\/tr>\n<\/tbody>\n<\/table>\n<p>[\/et_pb_blurb][\/et_pb_column][et_pb_column type=&#8220;1_2&#8243; _builder_version=&#8220;3.0.106&#8243; parallax=&#8220;off&#8220; parallax_method=&#8220;on&#8220;][et_pb_image src=&#8220;https:\/\/campgemmi.ch\/wp-content\/uploads\/2018\/06\/0386A90E-70E8-4A3D-AF6C-43BB0F4521AE.jpg&#8220; _builder_version=&#8220;3.0.106&#8243;][\/et_pb_image][\/et_pb_column][\/et_pb_row][et_pb_row _builder_version=&#8220;3.0.106&#8243;][et_pb_column type=&#8220;1_2&#8243; _builder_version=&#8220;3.0.106&#8243; parallax=&#8220;off&#8220; parallax_method=&#8220;on&#8220;][et_pb_blurb title=&#8220;Unser erster %22Viertausender%22&#8243; _builder_version=&#8220;3.0.106&#8243; header_level=&#8220;h1&#8243; header_font=&#8220;||||||||&#8220;]<\/p>\n<table border=\"0\">\n<colgroup>\n<col \/><\/colgroup>\n<tbody>\n<tr>\n<td>\n<div><span>Auch wenn wir hier nur &#8222;leichtere&#8220; Viertausender empfehlen, sollten Sie auf alle F\u00e4lle gen\u00fcgend Bergerfahrung mitbringen. Im Zweifel geben wir Ihnen gerne Adressen von geeigneten Bergf\u00fchrern.<\/span><\/div>\n<\/td>\n<\/tr>\n<tr>\n<td>\n<div><img decoding=\"async\" width=\"1\" src=\"data:image\/gif;base64,R0lGODlhAQABAJEAAAAAAP\/\/\/\/\/\/\/wAAACH5BAUUAAIALAAAAAABAAEAAAICVAEAOw==\" \/><\/div>\n<\/td>\n<\/tr>\n<tr>\n<td>\n<div><span>Weissmies,\u00a0 4&#8217;023 m.\u00fc.M.<\/span><\/div>\n<div><span>1. mit dem Auto \u00fcber Visp nach Saas-Almagell im Saastal (52 km \/ 1,5 Stunden)<\/span><\/div>\n<div><span>\u00a0\u00a0\u00a0 ab Almagell\u00a0<\/span><span>zu Fuss in ca, 2 1\/2 Stunden zur\u00a0<\/span><span>Almagellerh\u00fctte<\/span><span>\u00a0(2&#8217;894 m.\u00fc.M.)<\/span><\/div>\n<div><span>\u00a0\u00a0\u00a0 von dort Aufstieg zum Weissmies-Gipfel in ca. 4 Stunden<\/span><\/div>\n<div><span>2. mit dem Auto \u00fcber Visp nach Saas-Grund im Saastal (48 km \/ 1 Std 20 Min)<\/span><\/div>\n<div><span>\u00a0\u00a0\u00a0 ab Saas Grund<\/span><span>\u00a0mit der Bahn bis\u00a0<\/span><span>Hohsaas<\/span><span>\u00a0(3&#8217;200 m.\u00fc.M.),<\/span><\/div>\n<div><span>\u00a0\u00a0\u00a0 von dort Aufstieg zum Gipfel des Weissmies in ca. 4 Stunden<\/span><\/div>\n<\/td>\n<\/tr>\n<tr>\n<td>\n<div><img decoding=\"async\" width=\"1\" src=\"data:image\/gif;base64,R0lGODlhAQABAJEAAAAAAP\/\/\/\/\/\/\/wAAACH5BAUUAAIALAAAAAABAAEAAAICVAEAOw==\" \/><\/div>\n<\/td>\n<\/tr>\n<tr>\n<td>\n<div><span>Allalin,\u00a0 4&#8217;027 m.\u00fc.M.<\/span><\/div>\n<div><span>mit dem Auto \u00fcber Visp ins Saastal nach Saas-Fee (50 km \/ 1,5 Stunden)<\/span><\/div>\n<div><span>ab\u00a0 Saas Fee<\/span><span>\u00a0mit der Bahn zum\u00a0<\/span><span>Mittelallalin<\/span><span>\u00a0(3&#8217;454 m.\u00fc.M.),<\/span><\/div>\n<div><span>von dort Aufstieg zum Gipfel in ca. 3 Stunden<\/span><\/div>\n<\/td>\n<\/tr>\n<tr>\n<td>\n<div><img decoding=\"async\" width=\"1\" src=\"data:image\/gif;base64,R0lGODlhAQABAJEAAAAAAP\/\/\/\/\/\/\/wAAACH5BAUUAAIALAAAAAABAAEAAAICVAEAOw==\" \/><\/div>\n<\/td>\n<\/tr>\n<tr>\n<td>\n<div><span>Bishorn,\u00a0 4&#8217;153 m.\u00fc.M.<\/span><\/div>\n<div><span>mit dem Auto ins Val d&#8217;Anniviers nach\u00a0<\/span><span>Zinal\u00a0<\/span><span>(33 km \/ 45 Min),<\/span><\/div>\n<div><span>zu Fuss in ca. 4 Stunden zur\u00a0<\/span><span>Tracuith\u00fctte<\/span><span>\u00a0(3&#8217;260 m.\u00fc.M.),\u00a0<\/span><\/div>\n<div><span>von dort Aufstieg zum Bishorn in ca. 2 1\/2 Stunden<\/span><\/div>\n<\/td>\n<\/tr>\n<tr>\n<td>\n<div><img decoding=\"async\" width=\"1\" src=\"data:image\/gif;base64,R0lGODlhAQABAJEAAAAAAP\/\/\/\/\/\/\/wAAACH5BAUUAAIALAAAAAABAAEAAAICVAEAOw==\" \/><\/div>\n<\/td>\n<\/tr>\n<tr>\n<td>\n<div><span>Breithorn,\u00a0 4&#8217;164 m.\u00fc.M.<\/span><\/div>\n<div><span>mit dem Auto \u00fcber Visp nach T\u00e4sch (55 km \/ 1,5 Stunden) im Mattertal,<\/span><\/div>\n<div><span>mit dem Pendelzug nach Zermatt,<\/span><\/div>\n<div><span>ab\u00a0 Zermatt<\/span><span>\u00a0mit der Bergbahn zum\u00a0<\/span><span>Klein Matterhorn<\/span><span>\u00a0(3&#8217;818 m.\u00fc.M.),<\/span><\/div>\n<div><span>von dort Aufstieg zum Gipfel des Breithorn in ca. 2 1\/2 Stunden<\/span><\/div>\n<\/td>\n<\/tr>\n<tr>\n<td>\n<div><img decoding=\"async\" width=\"1\" src=\"data:image\/gif;base64,R0lGODlhAQABAJEAAAAAAP\/\/\/\/\/\/\/wAAACH5BAUUAAIALAAAAAABAAEAAAICVAEAOw==\" \/><\/div>\n<\/td>\n<\/tr>\n<tr>\n<td>\n<div><span>Alphubel,\u00a0 4&#8217;206 m.\u00fc.M.<\/span><\/div>\n<div><span>mit dem Auto \u00fcber\u00a0<\/span><span>T\u00e4sch<\/span><span>\u00a0im Mattertal (55 km \/ 1,5 Stunden), auf kurvenreicher,<\/span><\/div>\n<div><span>schmaler Bergstrasse ca. 8 km weiterfahren zur T\u00e4schalp\/<\/span><span>Ottavan<\/span><span>\u00a0(2&#8217;214 m.\u00fc.M.),<\/span><\/div>\n<div><span>zu Fuss in ca. 1 1\/2 Stunden zur\u00a0<\/span><span>T\u00e4schh\u00fctte<\/span><span>\u00a0(2&#8217;701 m.\u00fc.M.),\u00a0<\/span><\/div>\n<div><span>von dort Aufstieg zum Gipfel des Alphubel in ca. 4 Stunden<\/span><\/div>\n<\/td>\n<\/tr>\n<\/tbody>\n<\/table>\n<p>[\/et_pb_blurb][\/et_pb_column][et_pb_column type=&#8220;1_2&#8243; _builder_version=&#8220;3.0.106&#8243; parallax=&#8220;off&#8220; parallax_method=&#8220;on&#8220;][et_pb_image src=&#8220;https:\/\/campgemmi.ch\/wp-content\/uploads\/2018\/06\/40E936A8-230F-4CCA-8E14-556F870BEBBD.jpg&#8220; _builder_version=&#8220;3.0.106&#8243;][\/et_pb_image][\/et_pb_column][\/et_pb_row][et_pb_row _builder_version=&#8220;3.0.106&#8243;][et_pb_column type=&#8220;4_4&#8243; _builder_version=&#8220;3.0.106&#8243; parallax=&#8220;off&#8220; parallax_method=&#8220;on&#8220;][et_pb_image src=&#8220;https:\/\/campgemmi.ch\/wp-content\/uploads\/2018\/06\/FB3F6C13-F0D5-4C81-AC77-A6F1C7EA7DF4.jpg&#8220; _builder_version=&#8220;3.0.106&#8243;][\/et_pb_image][\/et_pb_column][\/et_pb_row][et_pb_row _builder_version=&#8220;3.0.106&#8243; module_alignment=&#8220;left&#8220;][et_pb_column type=&#8220;4_4&#8243; _builder_version=&#8220;3.0.106&#8243; parallax=&#8220;off&#8220; parallax_method=&#8220;on&#8220;][et_pb_blurb title=&#8220;Klettersteige &#8211; Via Ferrata&#8220; _builder_version=&#8220;3.0.106&#8243;]<\/p>\n<table>\n<tbody>\n<tr>\n<td valign=\"top\">\n<div><span>Tour<\/span><\/div>\n<\/td>\n<td valign=\"top\">\n<div><span>\u00a0Ort<\/span><\/div>\n<\/td>\n<td valign=\"top\">\n<div><span>\u00a0Schwierigkeitsgrad<\/span><\/div>\n<\/td>\n<td valign=\"top\">\n<div><span>\u00a0 Dauer<\/span><\/div>\n<\/td>\n<\/tr>\n<tr>\n<td valign=\"top\">\n<div><span>\u00a0<\/span><a href=\"http:\/\/www.klettersteig.de\/klettersteig\/klettersteig_aletsch\/877\">Aletsch<\/a><\/div>\n<\/td>\n<td valign=\"top\">\n<div><span>\u00a0Blatten<\/span><\/div>\n<\/td>\n<td valign=\"top\">\n<div><span>\u00a0 K 3\u00a0\u00a0\u00a0\u00a0\u00a0\u00a0\u00a0\u00a0ziemlich schwierig\u00a0\u00a0\u00a0<\/span><\/div>\n<\/td>\n<td valign=\"top\">\n<div><span>\u00a0 3.5\u00a0Stunden\u00a0\u00a0\u00a0<\/span><\/div>\n<\/td>\n<\/tr>\n<tr>\n<td valign=\"top\">\n<div><span>\u00a0<\/span><a href=\"http:\/\/www.wiwanni.ch\/aktivitaeten\/klettersteige\/klettersteig-baltschiedertal-wiwannihuette\/\">Baltschieder<\/a><\/div>\n<\/td>\n<td valign=\"top\">\n<div><span>\u00a0Ausserberg<\/span><\/div>\n<\/td>\n<td valign=\"top\">\n<div><span>\u00a0 K 3 &#8211; 4\u00a0\u00a0\u00a0schwierig<\/span><\/div>\n<\/td>\n<td valign=\"top\">\n<div><span>\u00a0 8.0 Stunden<\/span><\/div>\n<\/td>\n<\/tr>\n<tr>\n<td valign=\"top\">\n<div><span>\u00a0<\/span><a href=\"http:\/\/www.leukerbad.ch\/de\/navpage.cfm?category=SportLB&amp;subcat=SportSLB&amp;id=11305\">Daubenhorn<\/a><span>\u00a0\u00a0\u00a0<\/span><\/div>\n<\/td>\n<td valign=\"top\">\n<div><span>\u00a0Leukerbad<\/span><\/div>\n<\/td>\n<td valign=\"top\">\n<div><span>\u00a0 K 5 &#8211; 6\u00a0\u00a0\u00a0extrem\u00a0schwierig\u00a0<\/span><\/div>\n<\/td>\n<td valign=\"top\">\n<div><span>\u00a0 8.0 Stunden<\/span><\/div>\n<\/td>\n<\/tr>\n<tr>\n<td valign=\"top\">\n<div><span>\u00a0<\/span><a href=\"http:\/\/www.viaferrata.org\/suisse\/c3g1nax.htm\">Belved\u00e8re<\/a><\/div>\n<\/td>\n<td valign=\"top\">\n<div><span>\u00a0Nax<\/span><\/div>\n<\/td>\n<td valign=\"top\">\n<div><span>\u00a0 K 3 &#8211; 4\u00a0\u00a0\u00a0schwierig<\/span><\/div>\n<\/td>\n<td valign=\"top\">\n<div><span>\u00a0 2.0 Stunden<\/span><\/div>\n<\/td>\n<\/tr>\n<tr>\n<td valign=\"top\">\n<div><span>\u00a0<\/span><a href=\"http:\/\/www.sac-saas.ch\/Clubnachrichten\/documents\/Jegihorn.pdf\">Jegihorn<\/a><\/div>\n<\/td>\n<td valign=\"top\">\n<div><span>\u00a0Saas Grund\u00a0\u00a0\u00a0\u00a0\u00a0<\/span><\/div>\n<\/td>\n<td valign=\"top\">\n<div><span>\u00a0 K 4\u00a0\u00a0\u00a0\u00a0\u00a0\u00a0\u00a0\u00a0schwierig<\/span><\/div>\n<\/td>\n<td valign=\"top\">\n<div><span>\u00a0 6.0 Stunden<\/span><\/div>\n<\/td>\n<\/tr>\n<tr>\n<td valign=\"top\">\n<div><span>\u00a0<\/span><a href=\"http:\/\/www.viaferrata.org\/suisse\/c313Evolene.htm#Via-Ferrata\">Evol\u00e8ne<\/a><\/div>\n<\/td>\n<td valign=\"top\">\n<div><span>\u00a0Evol\u00e8ne\u00a0\u00a0<\/span><\/div>\n<div><span>\u00a0\u00a0\u00a0\u00a0\u00a0\u00a0\u00a0\u00a0 Ausstieg<\/span><\/div>\n<\/td>\n<td valign=\"top\">\n<div><span>\u00a0 K 3 &#8211; 4\u00a0\u00a0\u00a0schwierig\u00a0<\/span><\/div>\n<div><span>\u00a0 K 5\u00a0\u00a0\u00a0\u00a0\u00a0\u00a0\u00a0\u00a0sehr schwierig\u00a0\u00a0<\/span><\/div>\n<\/td>\n<td valign=\"top\">\n<div><span>\u00a0 2.5 Stunden<\/span><\/div>\n<\/td>\n<\/tr>\n<\/tbody>\n<\/table>\n<p>[\/et_pb_blurb][\/et_pb_column][\/et_pb_row][et_pb_row _builder_version=&#8220;3.0.106&#8243; module_alignment=&#8220;left&#8220;][et_pb_column type=&#8220;4_4&#8243; _builder_version=&#8220;3.0.106&#8243; parallax=&#8220;off&#8220; parallax_method=&#8220;on&#8220;][et_pb_blurb title=&#8220;Kletterg\u00e4rten&#8220; _builder_version=&#8220;3.0.106&#8243;]<\/p>\n<table cellspacing=\"1\" cellpadding=\"1\" border=\"1\" align=\"right\" summary=\"\">\n<tbody>\n<tr>\n<td>\n<div><span>Name<\/span><\/div>\n<\/td>\n<td>\n<div><span>\u00a0<\/span><span>Distanz<\/span><\/div>\n<\/td>\n<td>\n<div><span>\u00a0<\/span><span>Route<\/span><\/div>\n<\/td>\n<td>\n<div><span>\u00a0Schwierigkeitsgrad<\/span><\/div>\n<\/td>\n<\/tr>\n<tr>\n<td>\n<div><span>\u00a0Gemmi<\/span><\/div>\n<\/td>\n<td>\n<div><span>\u00a0<\/span><span>\u00a0 15 km<\/span><\/div>\n<\/td>\n<td>\n<div><span>\u00a0<\/span><span>Leukerbad, Gemmibahn, J\u00e4gerboden<\/span><\/div>\n<\/td>\n<td>\n<div><span>\u00a0Anf\u00e4nger bis Fortgeschrittene<\/span><\/div>\n<\/td>\n<\/tr>\n<tr>\n<td>\n<div><span>\u00a0Bramois<\/span><\/div>\n<\/td>\n<td>\n<div><span>\u00a0\u00a0 28 km<\/span><\/div>\n<\/td>\n<td>\n<div><span>\u00a0<\/span><span>Sion, \u2192 Val d&#8217;H\u00e9rence, Bramois<\/span><\/div>\n<\/td>\n<td>\n<div><span>\u00a0alle Schwierigkeitsgrade<\/span><\/div>\n<\/td>\n<\/tr>\n<tr>\n<td>\n<div><span>\u00a0Saas Fee<\/span><\/div>\n<\/td>\n<td>\n<div><span>\u00a0<\/span><span>\u00a0 50 km<\/span><\/div>\n<\/td>\n<td>\n<div><span>\u00a0<\/span><span>Visp \u2192 Saastal, Saas Grund, Saas Fee<\/span><\/div>\n<\/td>\n<td>\n<div><span>\u00a0Anf\u00e4nger bis Fortgeschrittene<\/span><\/div>\n<\/td>\n<\/tr>\n<\/tbody>\n<\/table>\n<p>[\/et_pb_blurb][\/et_pb_column][\/et_pb_row][et_pb_row _builder_version=&#8220;3.0.106&#8243; module_alignment=&#8220;left&#8220;][et_pb_column type=&#8220;4_4&#8243; _builder_version=&#8220;3.0.106&#8243; parallax=&#8220;off&#8220; parallax_method=&#8220;on&#8220;][et_pb_blurb title=&#8220;Kletterhallen&#8220; _builder_version=&#8220;3.0.106&#8243;]<\/p>\n<table cellspacing=\"1\" cellpadding=\"1\" border=\"1\" align=\"right\" summary=\"\">\n<tbody>\n<tr>\n<td>\n<div><span>Name<\/span><\/div>\n<\/td>\n<td>\n<div><span>\u00a0<\/span><span>Ort<\/span><\/div>\n<\/td>\n<td>\n<div><span>\u00a0<\/span><span>Distanz<\/span><\/div>\n<\/td>\n<td>\n<div><span>\u00a0Route<\/span><\/div>\n<\/td>\n<\/tr>\n<tr>\n<td>\n<div><span>\u00a0Sportfit<\/span><\/div>\n<\/td>\n<td>\n<div><span>\u00a0<\/span><span>Salgesch<\/span><\/div>\n<\/td>\n<td>\n<div><span>\u00a0<\/span><span>\u00a0\u00a0 8 km<\/span><\/div>\n<\/td>\n<td>\n<div><span>\u00a0Susten, Salgesch<\/span><\/div>\n<\/td>\n<\/tr>\n<tr>\n<td>\n<div><span>\u00a0Sportzentrum<\/span><\/div>\n<\/td>\n<td>\n<div><span>\u00a0Gr\u00e4chen<\/span><\/div>\n<\/td>\n<td>\n<div><span>\u00a0<\/span><span>\u00a0 41 km<\/span><\/div>\n<\/td>\n<td>\n<div><span>\u00a0Visp, Mattertal, Gr\u00e4chen<\/span><\/div>\n<\/td>\n<\/tr>\n<tr>\n<td>\n<div><span>\u00a0Feriencenter<\/span><\/div>\n<\/td>\n<td>\n<div><span>\u00a0<\/span><span>Fiesch<\/span><\/div>\n<\/td>\n<td>\n<div><span>\u00a0\u00a0\u00a0<\/span><span>45 km<\/span><\/div>\n<\/td>\n<td>\n<div><span>\u00a0Visp, Naters, Fiesch<\/span><\/div>\n<\/td>\n<\/tr>\n<\/tbody>\n<\/table>\n<p>[\/et_pb_blurb][\/et_pb_column][\/et_pb_row][\/et_pb_section][et_pb_section fb_built=&#8220;1&#8243; _builder_version=&#8220;3.0.106&#8243;][\/et_pb_section]<\/p>\n","protected":false},"excerpt":{"rendered":"<p>[et_pb_section fb_built=&#8220;1&#8243; admin_label=&#8220;section&#8220; _builder_version=&#8220;3.0.47&#8243;][et_pb_row _builder_version=&#8220;3.0.106&#8243;][et_pb_column type=&#8220;1_2&#8243; _builder_version=&#8220;3.0.106&#8243; parallax=&#8220;off&#8220; parallax_method=&#8220;on&#8220;][et_pb_blurb title=&#8220;Bergh\u00fctten&#8220; _builder_version=&#8220;3.0.106&#8243; header_level=&#8220;h1&#8243; header_font=&#8220;||||||||&#8220;] Bergh\u00fctten sind sowohl Ziel von Wanderungen als auch Ausgangspunkt alpiner Touren. Wenn Sie dort \u00fcbernachten wollen, empfehlen wir dringend vorher zu reservieren, denn besonders in der Hauptsaison sind die Pl\u00e4tze schnell belegt. Hier einige zur Auswahl: Turtmannh\u00fctte, 2&#8217;519 m.\u00fc.M. Telefon +41 27 [&hellip;]<\/p>\n","protected":false},"author":1,"featured_media":0,"parent":0,"menu_order":0,"comment_status":"closed","ping_status":"closed","template":"","meta":{"footnotes":""},"_links":{"self":[{"href":"https:\/\/campgemmi.ch\/index.php?rest_route=\/wp\/v2\/pages\/94"}],"collection":[{"href":"https:\/\/campgemmi.ch\/index.php?rest_route=\/wp\/v2\/pages"}],"about":[{"href":"https:\/\/campgemmi.ch\/index.php?rest_route=\/wp\/v2\/types\/page"}],"author":[{"embeddable":true,"href":"https:\/\/campgemmi.ch\/index.php?rest_route=\/wp\/v2\/users\/1"}],"replies":[{"embeddable":true,"href":"https:\/\/campgemmi.ch\/index.php?rest_route=%2Fwp%2Fv2%2Fcomments&post=94"}],"version-history":[{"count":6,"href":"https:\/\/campgemmi.ch\/index.php?rest_route=\/wp\/v2\/pages\/94\/revisions"}],"predecessor-version":[{"id":701,"href":"https:\/\/campgemmi.ch\/index.php?rest_route=\/wp\/v2\/pages\/94\/revisions\/701"}],"wp:attachment":[{"href":"https:\/\/campgemmi.ch\/index.php?rest_route=%2Fwp%2Fv2%2Fmedia&parent=94"}],"curies":[{"name":"wp","href":"https:\/\/api.w.org\/{rel}","templated":true}]}}