{"id":564,"date":"2018-06-12T14:02:26","date_gmt":"2018-06-12T14:02:26","guid":{"rendered":"https:\/\/campgemmi.ch\/?page_id=564"},"modified":"2026-03-10T09:19:44","modified_gmt":"2026-03-10T09:19:44","slug":"sport-spass","status":"publish","type":"page","link":"https:\/\/campgemmi.ch\/?page_id=564&lang=en","title":{"rendered":"Sport &#038; Spass"},"content":{"rendered":"<p>[et_pb_section fb_built=&#8220;1&#8243; admin_label=&#8220;section&#8220; _builder_version=&#8220;3.0.47&#8243;][et_pb_row admin_label=&#8220;row&#8220; _builder_version=&#8220;3.0.47&#8243; background_size=&#8220;initial&#8220; background_position=&#8220;top_left&#8220; background_repeat=&#8220;repeat&#8220;][et_pb_column type=&#8220;1_2&#8243; _builder_version=&#8220;3.0.47&#8243; parallax=&#8220;off&#8220; parallax_method=&#8220;on&#8220;][et_pb_blurb title=&#8220;Schwimmen&#8220; _builder_version=&#8220;3.0.106&#8243;]<\/p>\n<div>In Susten haben wir die Freib\u00e4der Wasserfrosch\u00a0(rechts der Strasse nach Susten), Bella Tola\u00a0(in Pletschen) und Monument (an der Strasse\u00a0Susten-Sierre). Die sch\u00f6nste Gelegenheit zum\u00a0Schwimmen ist nach unserer Meinung der\u00a0Grand Lac de G\u00e9ronde in Sierre (gratis).<\/div>\n<div><\/div>\n<div><\/div>\n<div>Hier finden Sie Informationen \u00fcber Angebote und M\u00f6glichkeiten in der n\u00e4heren und weiteren Umgebung unseres Campings. F\u00fcr Alpine Erlebnisse haben wir eine separate Webseite eingerichtet.<\/div>\n<p>[\/et_pb_blurb][\/et_pb_column][et_pb_column type=&#8220;1_2&#8243; _builder_version=&#8220;3.0.47&#8243; parallax=&#8220;off&#8220; parallax_method=&#8220;on&#8220;][et_pb_gallery gallery_ids=&#8220;410,411&#8243; gallery_captions=&#8220;,&#8220; posts_number=&#8220;1&#8243; _builder_version=&#8220;3.0.106&#8243;][\/et_pb_gallery][\/et_pb_column][\/et_pb_row][et_pb_row _builder_version=&#8220;3.0.106&#8243;][et_pb_column type=&#8220;4_4&#8243; _builder_version=&#8220;3.0.106&#8243; parallax=&#8220;off&#8220; parallax_method=&#8220;on&#8220;][et_pb_blurb title=&#8220;Bergl\u00e4ufe im Wallis&#8220; _builder_version=&#8220;3.0.106&#8243;]<\/p>\n<div id=\"tablepress-1_wrapper\" class=\"dataTables_wrapper no-footer\">\n<div id=\"tablepress-1_filter\" class=\"dataTables_filter\"><\/div>\n<table id=\"tablepress-1\" class=\"tablepress tablepress-id-1 dataTable no-footer\" role=\"grid\" aria-describedby=\"tablepress-1_info\" style=\"width: 630px;\" height=\"497\">\n<caption style=\"caption-side: bottom; text-align: left; border: none; background: none; margin: 0; padding: 0;\"><\/caption>\n<thead>\n<tr class=\"row-1 odd\" role=\"row\" style=\"height: 42px;\">\n<th class=\"column-1 sorting\" aria-controls=\"tablepress-1\" rowspan=\"1\" colspan=\"1\" aria-label=\"Datum: activate to sort column ascending\" style=\"width: 149.328px; height: 42px;\" tabindex=\"0\">Datum<\/th>\n<th class=\"column-2 sorting\" aria-controls=\"tablepress-1\" rowspan=\"1\" colspan=\"1\" aria-label=\"\u00a0Name: activate to sort column ascending\" style=\"width: 149.875px; height: 42px;\" tabindex=\"0\">\u00a0Name<\/th>\n<th class=\"column-3 sorting\" aria-controls=\"tablepress-1\" rowspan=\"1\" colspan=\"1\" aria-label=\"Ort\u00a0: activate to sort column ascending\" style=\"width: 126.422px; height: 42px;\" tabindex=\"0\">Ort\u00a0<\/th>\n<th class=\"column-4 sorting\" aria-controls=\"tablepress-1\" rowspan=\"1\" colspan=\"1\" aria-label=\"L\u00e4nge\/H\u00f6hendifferenz: activate to sort column ascending\" style=\"width: 203.375px; height: 42px;\" tabindex=\"0\">L\u00e4nge\/H\u00f6hendifferenz<\/th>\n<\/tr>\n<\/thead>\n<tbody class=\"row-hover\">\n<tr class=\"row-2 even\" role=\"row\" style=\"height: 21px;\">\n<td class=\"column-1\" style=\"height: 21px; width: 149.328px;\"><\/td>\n<td class=\"column-2\" style=\"height: 21px; width: 149.875px;\"><\/td>\n<td class=\"column-3\" style=\"height: 21px; width: 126.422px;\"><\/td>\n<td class=\"column-4\" style=\"height: 21px; width: 203.375px;\"><\/td>\n<\/tr>\n<tr class=\"row-3 odd\" role=\"row\" style=\"height: 15px;\">\n<td class=\"column-1\" style=\"height: 15px; width: 149.328px;\"><\/td>\n<td class=\"column-2\" style=\"height: 15px; width: 149.875px;\"><\/td>\n<td class=\"column-3\" style=\"height: 15px; width: 126.422px;\"><\/td>\n<td class=\"column-4\" style=\"height: 15px; width: 203.375px;\"><\/td>\n<\/tr>\n<tr class=\"row-4 even\" role=\"row\" style=\"height: 15px;\">\n<td class=\"column-1\" style=\"height: 15px; width: 149.328px;\"><\/td>\n<td class=\"column-2\" style=\"height: 15px; width: 149.875px;\"><\/td>\n<td class=\"column-3\" style=\"height: 15px; width: 126.422px;\"><\/td>\n<td class=\"column-4\" style=\"height: 15px; width: 203.375px;\"><\/td>\n<\/tr>\n<tr class=\"row-5 odd\" role=\"row\" style=\"height: 23.2031px;\">\n<td class=\"column-1\" style=\"height: 23.2031px; width: 149.328px;\"><\/td>\n<td class=\"column-2\" style=\"height: 23.2031px; width: 149.875px;\"><\/td>\n<td class=\"column-3\" style=\"height: 23.2031px; width: 126.422px;\"><\/td>\n<td class=\"column-4\" style=\"height: 23.2031px; width: 203.375px;\"><\/td>\n<\/tr>\n<tr class=\"row-6 even\" role=\"row\" style=\"height: 60px;\">\n<td class=\"column-1\" style=\"height: 60px; width: 149.328px;\">27.+28. June 2026<\/td>\n<td class=\"column-2\" style=\"height: 60px; width: 149.875px;\">Aletsch-Halbmarathon<\/td>\n<td class=\"column-3\" style=\"height: 60px; width: 126.422px;\">Bettmeralp\u00a0<\/td>\n<td class=\"column-4\" style=\"height: 60px; width: 203.375px;\">21.1 km \/ 1050 m<\/td>\n<\/tr>\n<tr class=\"row-7 odd\" role=\"row\" style=\"height: 84px;\">\n<td class=\"column-1\" style=\"height: 84px; width: 149.328px;\">4. July 2026<\/td>\n<td class=\"column-2\" style=\"height: 84px; width: 149.875px;\">Gornergrad Zermatt Marathon\u00a0<\/td>\n<td class=\"column-3\" style=\"height: 84px; width: 126.422px;\">St. Niklaus\u00a0\u00a0\u00a0<\/td>\n<td class=\"column-4\" style=\"height: 84px; width: 203.375px;\">42.195 km \/ 2585 m<\/td>\n<\/tr>\n<tr class=\"row-8 even\" role=\"row\" style=\"height: 60px;\">\n<td class=\"column-1\" style=\"height: 60px; width: 149.328px;\">25. July 2026<\/td>\n<td class=\"column-2\" style=\"height: 60px; width: 149.875px;\">Barrhorn<\/td>\n<td class=\"column-3\" style=\"height: 60px; width: 126.422px;\">Turtmann<\/td>\n<td class=\"column-4\" style=\"height: 60px; width: 203.375px;\">23.9 km<\/td>\n<\/tr>\n<tr class=\"row-9 odd\" role=\"row\" style=\"height: 36px;\">\n<td class=\"column-1\" style=\"height: 36px; width: 149.328px;\">26. July 2026<\/td>\n<td class=\"column-2\" style=\"height: 36px; width: 149.875px;\">T\u00e4schalplauf\u00a0\u00a0\u00a0\u00a0\u00a0<\/td>\n<td class=\"column-3\" style=\"height: 36px; width: 126.422px;\">T\u00e4sch\u00a0\u00a0<\/td>\n<td class=\"column-4\" style=\"height: 36px; width: 203.375px;\">8.9 km \/ 912 m<\/td>\n<\/tr>\n<tr class=\"row-10 even\" role=\"row\" style=\"height: 60px;\">\n<td class=\"column-1\" style=\"height: 60px; width: 149.328px;\">08.+09.08.2026<\/td>\n<td class=\"column-2\" style=\"height: 60px; width: 149.875px;\">Gondo Marathon\u00a0<\/td>\n<td class=\"column-3\" style=\"height: 60px; width: 126.422px;\">Gondo<\/td>\n<td class=\"column-4\" style=\"height: 60px; width: 203.375px;\">84 km 4200 m<\/td>\n<\/tr>\n<tr class=\"row-11 odd\" role=\"row\" style=\"height: 60px;\">\n<td class=\"column-1\" style=\"height: 60px; width: 149.328px;\">8. August 2026<\/td>\n<td class=\"column-2\" style=\"height: 60px; width: 149.875px;\">Sierre-Zinal\u00a0<\/td>\n<td class=\"column-3\" style=\"height: 60px; width: 126.422px;\">Sierre\u00a0\u00a0\u00a0<\/td>\n<td class=\"column-4\" style=\"height: 60px; width: 203.375px;\">\n<p>31.0 km \/ 2200 m<\/p>\n<\/td>\n<\/tr>\n<tr class=\"row-11 odd\" role=\"row\" style=\"height: 60px;\">\n<td class=\"column-1\" style=\"height: 60px; width: 149.328px;\">12. September 2026<\/td>\n<td class=\"column-2\" style=\"height: 60px; width: 149.875px;\">Mattmark-Memorial<\/td>\n<td class=\"column-3\" style=\"height: 60px; width: 126.422px;\">Saas-Fee<\/td>\n<td class=\"column-4\" style=\"height: 60px; width: 203.375px;\">21.3 km<\/td>\n<\/tr>\n<\/tbody>\n<\/table>\n<\/div>\n<p>[\/et_pb_blurb][\/et_pb_column][\/et_pb_row][et_pb_row _builder_version=&#8220;3.0.106&#8243;][et_pb_column type=&#8220;1_2&#8243; _builder_version=&#8220;3.0.106&#8243; parallax=&#8220;off&#8220; parallax_method=&#8220;on&#8220;][et_pb_blurb title=&#8220; Forellen-Fischen&#8220; _builder_version=&#8220;3.0.106&#8243;]Vor Salgesch gibt es einen privaten See, in dem gegen eine angemessene Geb\u00fchr Forellen gefischt werden k\u00f6nnen. Man muss nichts mitbringen, alles wird gestellt. Wegbeschreibung, \u00d6ffnungszeiten etc. mit &#8222;Klick&#8220; auf das Bild. Bernadette Montani &#8211; Tel. 027 455 1671<br \/>\n[\/et_pb_blurb][\/et_pb_column][et_pb_column type=&#8220;1_2&#8243; _builder_version=&#8220;3.0.106&#8243; parallax=&#8220;off&#8220; parallax_method=&#8220;on&#8220;][et_pb_gallery gallery_ids=&#8220;411&#8243; posts_number=&#8220;1&#8243; _builder_version=&#8220;3.0.106&#8243;][\/et_pb_gallery][\/et_pb_column][\/et_pb_row][et_pb_row _builder_version=&#8220;3.0.106&#8243;][et_pb_column type=&#8220;1_4&#8243; _builder_version=&#8220;3.0.106&#8243; parallax=&#8220;off&#8220; parallax_method=&#8220;on&#8220;][et_pb_blurb title=&#8220;Reiten in Waldmatten&#8220; _builder_version=&#8220;3.0.106&#8243;]<\/p>\n<div><\/div>\n<div style=\"text-align: left;\">Reitsportanlage<\/div>\n<div style=\"text-align: left;\">ProHorse Martin K\u00fchnis<\/div>\n<div style=\"text-align: left;\">3952 Susten, Kleines Pletschg\u00e4ssi 62<\/div>\n<div style=\"text-align: left;\">Tel. +41 (27) 473 28 86<\/div>\n<p>[\/et_pb_blurb][\/et_pb_column][et_pb_column type=&#8220;1_4&#8243; _builder_version=&#8220;3.0.106&#8243; parallax=&#8220;off&#8220; parallax_method=&#8220;on&#8220;][et_pb_blurb title=&#8220;Tennis &#8220; _builder_version=&#8220;3.0.106&#8243;]TC Leuk-Susten am Westrand von Susten, Waldstrasse Ewald Loretan, Leuk &#8211; Tel. 027 473 23 49 TC Turtmann am Ostrand von Turtmann. Platzwart Guido Bregy &#8211; Tel. +41 (27) 932 31 46<br \/>\n[\/et_pb_blurb][\/et_pb_column][et_pb_column type=&#8220;1_4&#8243; _builder_version=&#8220;3.0.106&#8243; parallax=&#8220;off&#8220; parallax_method=&#8220;on&#8220;][et_pb_blurb title=&#8220;Golf-Club-Leuk &#8220; _builder_version=&#8220;3.0.106&#8243;]Der 18-Loch-Linksplatz (L\u00e4nge 6&#8217;109 m) mit Driving Range liegt rechts der Strasse Agarn-Susten. (Luftlinie ca. 650 m vom Camping entfernt) Tel. +41 (27) 473 61 61<br \/>\n[\/et_pb_blurb][\/et_pb_column][et_pb_column type=&#8220;1_4&#8243; _builder_version=&#8220;3.0.106&#8243; parallax=&#8220;off&#8220; parallax_method=&#8220;on&#8220;][et_pb_blurb title=&#8220;Vita-Parcours Susten &#8220; _builder_version=&#8220;3.0.106&#8243;]Durch den Pfynwald f\u00fchrt ein anspruchsvoller Jogging-Pfad mit Trimm-Dich-Stationen. Der Start mit Parkplatz ist Ortsausgang, Kantonstrasse Richtung Sierre, gleich hinter dem Illgraben.<br \/>\n[\/et_pb_blurb][\/et_pb_column][\/et_pb_row][et_pb_row _builder_version=&#8220;3.0.106&#8243;][et_pb_column type=&#8220;1_4&#8243; _builder_version=&#8220;3.0.106&#8243; parallax=&#8220;off&#8220; parallax_method=&#8220;on&#8220;][et_pb_blurb title=&#8220;Abenteuerwald Vercorin &#8220; _builder_version=&#8220;3.0.106&#8243;]Route: Susten-Sierre-Chippis-Chalais-Vercorin (23 km) ge\u00f6ffnet von Mitte Mai bis Mitte September Tel. +41 (27) 452 2907 www.foretaventure.ch<br \/>\n[\/et_pb_blurb][\/et_pb_column][et_pb_column type=&#8220;1_4&#8243; _builder_version=&#8220;3.0.106&#8243; parallax=&#8220;off&#8220; parallax_method=&#8220;on&#8220;][et_pb_blurb title=&#8220;Abenteuerwald Saas Fee &#8220; _builder_version=&#8220;3.0.106&#8243;]Route: Visp-Saastal-Saas Fee (35 km) ge\u00f6ffnet bei gutem Wetter von Mitte Juni bis Oktober Tel. +41 (0) 27 958 18 58 www.saas-fee.ch<br \/>\n[\/et_pb_blurb][\/et_pb_column][et_pb_column type=&#8220;1_4&#8243; _builder_version=&#8220;3.0.106&#8243; parallax=&#8220;off&#8220; parallax_method=&#8220;on&#8220;][et_pb_blurb title=&#8220;Freizeitpark Happyland &#8220; _builder_version=&#8220;3.0.106&#8243;]Grange zwischen Sierre und Sion (18 km) ge\u00f6ffner von April bis Oktober Tel. +41 (0) 27 458 34 25 www.happylandnew.ch<br \/>\n[\/et_pb_blurb][\/et_pb_column][et_pb_column type=&#8220;1_4&#8243; _builder_version=&#8220;3.0.106&#8243; parallax=&#8220;off&#8220; parallax_method=&#8220;on&#8220;][et_pb_blurb title=&#8220;Canyoning durch die Massaschlucht&#8220; _builder_version=&#8220;3.0.106&#8243;]Alpin Center Belalp, Blatten (35 km) Tel. +41 (0) 27 921 60 45 www.alpincenterbelalp.ch<br \/>\n[\/et_pb_blurb][\/et_pb_column][\/et_pb_row][et_pb_row _builder_version=&#8220;3.0.106&#8243;][et_pb_column type=&#8220;1_3&#8243; _builder_version=&#8220;3.0.106&#8243; parallax=&#8220;off&#8220; parallax_method=&#8220;on&#8220;][et_pb_blurb title=&#8220;Bungy Jumping im Val d&#8217;Anniviers &#8220; _builder_version=&#8220;3.0.106&#8243;]Maxi Fun Sport &#038; Adventure Park Niouc, Val d&#8217;Anniviers (14 km) Tel. +41 (0) 79 447 2800 www.bungy.ch<br \/>\n[\/et_pb_blurb][\/et_pb_column][et_pb_column type=&#8220;1_3&#8243; _builder_version=&#8220;3.0.106&#8243; parallax=&#8220;off&#8220; parallax_method=&#8220;on&#8220;][et_pb_blurb title=&#8220;Gleitschirmfliegen &#8220; _builder_version=&#8220;3.0.106&#8243;]Rinderalp 2&#8217;310 m.\u00fc.M. &#8211; Susten 630 m.\u00fc.M. Air-Taxi, Didier Grichting, Leukerbad (15 km) Tel. +41 (0) 79 221 1214 Abricot Fly, Yves Gavoldi, Leukerbad (15 km) Tel. +41 (0) 79 217 6171<br \/>\n[\/et_pb_blurb][\/et_pb_column][et_pb_column type=&#8220;1_3&#8243; _builder_version=&#8220;3.0.106&#8243; parallax=&#8220;off&#8220; parallax_method=&#8220;on&#8220;][et_pb_blurb title=&#8220;Helikopter Rundfl\u00fcge im Wallis &#8220; _builder_version=&#8220;3.0.106&#8243;]Air Zermatt, Heliport Raron (14 km) Tel. +41 (0) 27 935 86 86 www.air-zermatt.ch<br \/>\n[\/et_pb_blurb][\/et_pb_column][\/et_pb_row][\/et_pb_section]<\/p>\n","protected":false},"excerpt":{"rendered":"<p>[et_pb_section fb_built=&#8220;1&#8243; admin_label=&#8220;section&#8220; _builder_version=&#8220;3.0.47&#8243;][et_pb_row admin_label=&#8220;row&#8220; _builder_version=&#8220;3.0.47&#8243; background_size=&#8220;initial&#8220; background_position=&#8220;top_left&#8220; background_repeat=&#8220;repeat&#8220;][et_pb_column type=&#8220;1_2&#8243; _builder_version=&#8220;3.0.47&#8243; parallax=&#8220;off&#8220; parallax_method=&#8220;on&#8220;][et_pb_blurb title=&#8220;Schwimmen&#8220; _builder_version=&#8220;3.0.106&#8243;] In Susten haben wir die Freib\u00e4der Wasserfrosch\u00a0(rechts der Strasse nach Susten), Bella Tola\u00a0(in Pletschen) und Monument (an der Strasse\u00a0Susten-Sierre). Die sch\u00f6nste Gelegenheit zum\u00a0Schwimmen ist nach unserer Meinung der\u00a0Grand Lac de G\u00e9ronde in Sierre (gratis). Hier finden Sie Informationen \u00fcber Angebote [&hellip;]<\/p>\n","protected":false},"author":1,"featured_media":0,"parent":0,"menu_order":0,"comment_status":"closed","ping_status":"closed","template":"","meta":{"footnotes":""},"_links":{"self":[{"href":"https:\/\/campgemmi.ch\/index.php?rest_route=\/wp\/v2\/pages\/564"}],"collection":[{"href":"https:\/\/campgemmi.ch\/index.php?rest_route=\/wp\/v2\/pages"}],"about":[{"href":"https:\/\/campgemmi.ch\/index.php?rest_route=\/wp\/v2\/types\/page"}],"author":[{"embeddable":true,"href":"https:\/\/campgemmi.ch\/index.php?rest_route=\/wp\/v2\/users\/1"}],"replies":[{"embeddable":true,"href":"https:\/\/campgemmi.ch\/index.php?rest_route=%2Fwp%2Fv2%2Fcomments&post=564"}],"version-history":[{"count":17,"href":"https:\/\/campgemmi.ch\/index.php?rest_route=\/wp\/v2\/pages\/564\/revisions"}],"predecessor-version":[{"id":2155,"href":"https:\/\/campgemmi.ch\/index.php?rest_route=\/wp\/v2\/pages\/564\/revisions\/2155"}],"wp:attachment":[{"href":"https:\/\/campgemmi.ch\/index.php?rest_route=%2Fwp%2Fv2%2Fmedia&parent=564"}],"curies":[{"name":"wp","href":"https:\/\/api.w.org\/{rel}","templated":true}]}}