{"id":538,"date":"2018-06-12T14:01:19","date_gmt":"2018-06-12T14:01:19","guid":{"rendered":"https:\/\/campgemmi.ch\/?page_id=538"},"modified":"2019-03-04T14:21:40","modified_gmt":"2019-03-04T14:21:40","slug":"alpine-erlebnisse","status":"publish","type":"page","link":"https:\/\/campgemmi.ch\/?page_id=538&lang=en","title":{"rendered":"Alpine Erlebnisse"},"content":{"rendered":"<p>[et_pb_section fb_built=&#8220;1&#8243; admin_label=&#8220;section&#8220; _builder_version=&#8220;3.0.47&#8243;][et_pb_row _builder_version=&#8220;3.0.106&#8243;][et_pb_column type=&#8220;1_2&#8243; _builder_version=&#8220;3.0.106&#8243; parallax=&#8220;off&#8220; parallax_method=&#8220;on&#8220;][et_pb_blurb title=&#8220;Mountain Huts&#8220; _builder_version=&#8220;3.0.106&#8243; header_level=&#8220;h1&#8243; header_font=&#8220;||||||||&#8220;]<\/p>\n<p>Mountain huts are both the destination of hikes and the starting point of alpine tours. If you want to stay there, we urgently recommend to book in advance, because especially in the high season, the seats are quickly occupied. Here are some to choose from:<\/p>\n<table border=\"0\">\n<colgroup>\n<col \/><\/colgroup>\n<tbody>\n<tr>\n<td>\n<div><img decoding=\"async\" width=\"1\" src=\"data:image\/gif;base64,R0lGODlhAQABAJEAAAAAAP\/\/\/\/\/\/\/wAAACH5BAUUAAIALAAAAAABAAEAAAICVAEAOw==\" \/><\/div>\n<\/td>\n<\/tr>\n<tr>\n<td>\n<div>\n<div>\n<div><span>Turtmannh\u00fctte, 2&#8217;519 m above sea level Telephone +41 27 932.14.55 by car via Turtmann, Oberems to the end of the Turtmann valley Ascent about 2 hours<\/span><\/div>\n<\/div>\n<\/div>\n<\/td>\n<\/tr>\n<tr>\n<td>\n<div><img decoding=\"async\" width=\"1\" src=\"data:image\/gif;base64,R0lGODlhAQABAJEAAAAAAP\/\/\/\/\/\/\/wAAACH5BAUUAAIALAAAAAABAAEAAAICVAEAOw==\" \/><\/div>\n<\/td>\n<\/tr>\n<tr>\n<td>Sch\u00f6nbielh\u00fctte, 2&#8217;694 m above sea level<br \/>Telephone +41 27 967.13.54<br \/>Ascent from Zermatt, walking time approx. 4 hours,<br \/>When ascending, always the Matterhorn in mind<\/td>\n<\/tr>\n<tr>\n<td>\n<div><img decoding=\"async\" width=\"1\" src=\"data:image\/gif;base64,R0lGODlhAQABAJEAAAAAAP\/\/\/\/\/\/\/wAAACH5BAUUAAIALAAAAAABAAEAAAICVAEAOw==\" \/><\/div>\n<\/td>\n<\/tr>\n<tr>\n<td>T\u00e4schh\u00fctte, 2&#8217;701 m.\u00fc.M.<br \/>Telephone +41 27 967.39.13<br \/>from T\u00e4sch by car to Ottavan,<br \/>Ascent about 1.5 hours<br \/>Gorgeous alpine flora (Edelweiss)<\/td>\n<\/tr>\n<tr>\n<td>\n<div><img decoding=\"async\" width=\"1\" src=\"data:image\/gif;base64,R0lGODlhAQABAJEAAAAAAP\/\/\/\/\/\/\/wAAACH5BAUUAAIALAAAAAABAAEAAAICVAEAOw==\" \/><\/div>\n<\/td>\n<\/tr>\n<tr>\n<td>\n<div>\n<div>\n<div>Weissmies Hut, 2,726 m above sea level.<br \/>Telephone +41 27 957.25.54<br \/>(Starting point for via ferrata J\u00e4gihorn)<br \/>with the mountain railway Saas-Grund to Kreuzboden, from there about 1 hour on foot<br \/>or from Saas-Grund directly with a long hut rise of almost 4 hours<\/div>\n<\/div>\n<\/div>\n<\/td>\n<\/tr>\n<\/tbody>\n<\/table>\n<p>[\/et_pb_blurb][\/et_pb_column][et_pb_column type=&#8220;1_2&#8243; _builder_version=&#8220;3.0.106&#8243; parallax=&#8220;off&#8220; parallax_method=&#8220;on&#8220;][et_pb_image src=&#8220;https:\/\/campgemmi.ch\/wp-content\/uploads\/2018\/06\/0386A90E-70E8-4A3D-AF6C-43BB0F4521AE.jpg&#8220; _builder_version=&#8220;3.0.106&#8243;][\/et_pb_image][\/et_pb_column][\/et_pb_row][et_pb_row _builder_version=&#8220;3.0.106&#8243;][et_pb_column type=&#8220;1_2&#8243; _builder_version=&#8220;3.0.106&#8243; parallax=&#8220;off&#8220; parallax_method=&#8220;on&#8220;][et_pb_blurb title=&#8220;Our first %22four-thousanders%22&#8243; _builder_version=&#8220;3.0.106&#8243; header_level=&#8220;h1&#8243; header_font=&#8220;||||||||&#8220;]<\/p>\n<table border=\"0\">\n<colgroup>\n<col \/><\/colgroup>\n<tbody>\n<tr>\n<td>Even if we only recommend &#8222;lighter&#8220; four-thousanders, you should definitely bring enough mountain experience. In case of doubt we will gladly give you addresses of suitable mountain guides.<\/td>\n<\/tr>\n<tr>\n<td>\n<div><img decoding=\"async\" width=\"1\" src=\"data:image\/gif;base64,R0lGODlhAQABAJEAAAAAAP\/\/\/\/\/\/\/wAAACH5BAUUAAIALAAAAAABAAEAAAICVAEAOw==\" \/><\/div>\n<\/td>\n<\/tr>\n<tr>\n<td>\n<div>Weissmies, 4,023 m above sea level.<br \/>1. by car via Visp to Saas-Almagell in the Saas Valley (52 km \/ 1.5 hours)<br \/>from Almagell on foot in about 2 1\/2 hours to Almagellerh\u00fctte (2,894 m above sea level)<br \/>From there climb to Weissmies summit in about 4 hours<br \/>2. by car via Visp to Saas-Grund in the Saas Valley (48 km \/ 1 h 20 min)<br \/>from Saas Grund by train to Hohsaas (3,200 m above sea level),<br \/>From there climb to the summit of Weissmies in about 4 hours<\/div>\n<\/td>\n<\/tr>\n<tr>\n<td>\n<div><img decoding=\"async\" width=\"1\" src=\"data:image\/gif;base64,R0lGODlhAQABAJEAAAAAAP\/\/\/\/\/\/\/wAAACH5BAUUAAIALAAAAAABAAEAAAICVAEAOw==\" \/><\/div>\n<\/td>\n<\/tr>\n<tr>\n<td>\n<div>Allalin, 4,027 meters above sea level<br \/>by car via Visp to the Saas Valley to Saas-Fee (50 km \/ 1.5 hours)<br \/>from Saas Fee by train to Mittelallalin (3&#8217;454 m above sea level),<br \/>from there climb to the summit in about 3 hours<\/div>\n<\/td>\n<\/tr>\n<tr>\n<td>\n<div><img decoding=\"async\" width=\"1\" src=\"data:image\/gif;base64,R0lGODlhAQABAJEAAAAAAP\/\/\/\/\/\/\/wAAACH5BAUUAAIALAAAAAABAAEAAAICVAEAOw==\" \/><\/div>\n<\/td>\n<\/tr>\n<tr>\n<td>\n<div>Bishorn, 4,153 meters above sea level.<br \/>by car to Val d&#8217;Anniviers to Zinal (33 km \/ 45 min),<br \/>on foot in about 4 hours to Tracuith\u00fctte (3&#8217;260 m above sea level),<br \/>From there climb to Bishorn in about 2 1\/2 hours<\/div>\n<\/td>\n<\/tr>\n<tr>\n<td>\n<div><img decoding=\"async\" width=\"1\" src=\"data:image\/gif;base64,R0lGODlhAQABAJEAAAAAAP\/\/\/\/\/\/\/wAAACH5BAUUAAIALAAAAAABAAEAAAICVAEAOw==\" \/><\/div>\n<\/td>\n<\/tr>\n<tr>\n<td>\n<div>Breithorn, 4,164 meters above sea level.<br \/>by car via Visp to T\u00e4sch (55 km \/ 1.5 hours) in the Mattertal,<br \/>with the shuttle train to Zermatt,<br \/>from Zermatt by mountain railway to Klein Matterhorn (3,818 m above sea level),<br \/>from there climb to the summit of Breithorn in about 2 1\/2 hours<\/div>\n<\/td>\n<\/tr>\n<tr>\n<td>\n<div><img decoding=\"async\" width=\"1\" src=\"data:image\/gif;base64,R0lGODlhAQABAJEAAAAAAP\/\/\/\/\/\/\/wAAACH5BAUUAAIALAAAAAABAAEAAAICVAEAOw==\" \/><\/div>\n<\/td>\n<\/tr>\n<tr>\n<td>\n<div>Alphubel, 4&#8217;206 meters above sea level<br \/>by car via T\u00e4sch in the Mattertal (55 km \/ 1.5 hours), on winding roads,<br \/>continue on the narrow mountain road for approx. 8 km to the T\u00e4schalp \/ Ottavan (2&#8217;214 m above sea level),<br \/>on foot in about 1 1\/2 hours to T\u00e4sch hut (2&#8217;701 m.\u00fc.M.),<br \/>From there climb to the summit of Alphubel in about 4 hours<\/div>\n<\/td>\n<\/tr>\n<\/tbody>\n<\/table>\n<p>[\/et_pb_blurb][\/et_pb_column][et_pb_column type=&#8220;1_2&#8243; _builder_version=&#8220;3.0.106&#8243; parallax=&#8220;off&#8220; parallax_method=&#8220;on&#8220;][et_pb_image src=&#8220;https:\/\/campgemmi.ch\/wp-content\/uploads\/2018\/06\/40E936A8-230F-4CCA-8E14-556F870BEBBD.jpg&#8220; _builder_version=&#8220;3.0.106&#8243;][\/et_pb_image][\/et_pb_column][\/et_pb_row][et_pb_row _builder_version=&#8220;3.0.106&#8243;][et_pb_column type=&#8220;4_4&#8243; _builder_version=&#8220;3.0.106&#8243; parallax=&#8220;off&#8220; parallax_method=&#8220;on&#8220;][et_pb_image src=&#8220;https:\/\/campgemmi.ch\/wp-content\/uploads\/2018\/06\/FB3F6C13-F0D5-4C81-AC77-A6F1C7EA7DF4.jpg&#8220; _builder_version=&#8220;3.0.106&#8243;][\/et_pb_image][\/et_pb_column][\/et_pb_row][et_pb_row _builder_version=&#8220;3.0.106&#8243; module_alignment=&#8220;left&#8220;][et_pb_column type=&#8220;4_4&#8243; _builder_version=&#8220;3.0.106&#8243; parallax=&#8220;off&#8220; parallax_method=&#8220;on&#8220;][et_pb_blurb title=&#8220;ferrata &#8211; Via Ferrata&#8220; _builder_version=&#8220;3.0.106&#8243;]<\/p>\n<table style=\"width: 610.391px;\">\n<tbody>\n<tr>\n<td valign=\"top\" style=\"width: 147px;\">\n<div><span>Trip<\/span><\/div>\n<\/td>\n<td valign=\"top\" style=\"width: 126px;\">\n<div><span>\u00a0Place<\/span><\/div>\n<\/td>\n<td valign=\"top\" style=\"width: 159px;\">\n<div><span>\u00a0Difficulty<\/span><\/div>\n<\/td>\n<td valign=\"top\" style=\"width: 177.391px;\">\n<div><span>\u00a0 Duration<\/span><\/div>\n<\/td>\n<\/tr>\n<tr>\n<td valign=\"top\" style=\"width: 147px;\">\n<div><span>\u00a0<\/span><a href=\"http:\/\/www.klettersteig.de\/klettersteig\/klettersteig_aletsch\/877\">Aletsch<\/a><\/div>\n<\/td>\n<td valign=\"top\" style=\"width: 126px;\">\n<div><span>\u00a0Blatten<\/span><\/div>\n<\/td>\n<td valign=\"top\" style=\"width: 159px;\">\n<div><span>\u00a0 K 3\u00a0 \u00a0 \u00a0 pretty hard \u00a0<\/span><\/div>\n<\/td>\n<td valign=\"top\" style=\"width: 177.391px;\">\n<div><span>\u00a03.5\u00a0hours\u00a0 \u00a0<\/span><\/div>\n<\/td>\n<\/tr>\n<tr>\n<td valign=\"top\" style=\"width: 147px;\">\n<div><span>\u00a0<\/span><a href=\"http:\/\/www.wiwanni.ch\/aktivitaeten\/klettersteige\/klettersteig-baltschiedertal-wiwannihuette\/\">Baltschieder<\/a><\/div>\n<\/td>\n<td valign=\"top\" style=\"width: 126px;\">\n<div><span>\u00a0Ausserberg<\/span><\/div>\n<\/td>\n<td valign=\"top\" style=\"width: 159px;\">\n<div><span>\u00a0 K 3 &#8211; 4\u00a0\u00a0\u00a0hard<\/span><\/div>\n<\/td>\n<td valign=\"top\" style=\"width: 177.391px;\">\n<div><span>\u00a0 8.0 hours<\/span><\/div>\n<\/td>\n<\/tr>\n<tr>\n<td valign=\"top\" style=\"width: 147px;\">\n<div><span>\u00a0<\/span><a href=\"http:\/\/www.leukerbad.ch\/de\/navpage.cfm?category=SportLB&amp;subcat=SportSLB&amp;id=11305\">Daubenhorn<\/a><span>\u00a0\u00a0\u00a0<\/span><\/div>\n<\/td>\n<td valign=\"top\" style=\"width: 126px;\">\n<div><span>\u00a0Leukerbad<\/span><\/div>\n<\/td>\n<td valign=\"top\" style=\"width: 159px;\">\n<div><span>\u00a0 K 5 &#8211; 6\u00a0\u00a0\u00a0extremly hard\u00a0<\/span><\/div>\n<\/td>\n<td valign=\"top\" style=\"width: 177.391px;\">\n<div><span>\u00a0 8.0 hours<\/span><\/div>\n<\/td>\n<\/tr>\n<tr>\n<td valign=\"top\" style=\"width: 147px;\">\n<div><span>\u00a0<\/span><a href=\"http:\/\/www.viaferrata.org\/suisse\/c3g1nax.htm\">Belved\u00e8re<\/a><\/div>\n<\/td>\n<td valign=\"top\" style=\"width: 126px;\">\n<div><span>\u00a0Nax<\/span><\/div>\n<\/td>\n<td valign=\"top\" style=\"width: 159px;\">\n<div><span>\u00a0 K 3 &#8211; 4\u00a0\u00a0\u00a0hard<\/span><\/div>\n<\/td>\n<td valign=\"top\" style=\"width: 177.391px;\">\n<div><span>\u00a0 2.0 hours<\/span><\/div>\n<\/td>\n<\/tr>\n<tr>\n<td valign=\"top\" style=\"width: 147px;\">\n<div><span>\u00a0<\/span><a href=\"http:\/\/www.sac-saas.ch\/Clubnachrichten\/documents\/Jegihorn.pdf\">Jegihorn<\/a><\/div>\n<\/td>\n<td valign=\"top\" style=\"width: 126px;\">\n<div><span>\u00a0Saas Grund\u00a0\u00a0\u00a0\u00a0\u00a0<\/span><\/div>\n<\/td>\n<td valign=\"top\" style=\"width: 159px;\">\n<div><span>\u00a0 K 4\u00a0 hard<\/span><\/div>\n<\/td>\n<td valign=\"top\" style=\"width: 177.391px;\">\n<div><span>\u00a0 6.0 hours<\/span><\/div>\n<\/td>\n<\/tr>\n<tr>\n<td valign=\"top\" style=\"width: 147px;\">\n<div><span>\u00a0<\/span><a href=\"http:\/\/www.viaferrata.org\/suisse\/c313Evolene.htm#Via-Ferrata\">Evol\u00e8ne<\/a><\/div>\n<\/td>\n<td valign=\"top\" style=\"width: 126px;\">\n<div><span>Evol\u00e8ne\u00a0\u00a0<\/span><\/div>\n<div><span>Ausstieg<\/span><\/div>\n<\/td>\n<td valign=\"top\" style=\"width: 159px;\">\n<div><span>\u00a0 K 3 &#8211; 4\u00a0\u00a0\u00a0hard\u00a0<\/span><\/div>\n<div><span>\u00a0 K 5\u00a0 very hard\u00a0\u00a0<\/span><\/div>\n<\/td>\n<td valign=\"top\" style=\"width: 177.391px;\">\n<div><span>\u00a0 2.5 hours<\/span><\/div>\n<\/td>\n<\/tr>\n<\/tbody>\n<\/table>\n<p>[\/et_pb_blurb][\/et_pb_column][\/et_pb_row][et_pb_row _builder_version=&#8220;3.0.106&#8243; module_alignment=&#8220;left&#8220;][et_pb_column type=&#8220;4_4&#8243; _builder_version=&#8220;3.0.106&#8243; parallax=&#8220;off&#8220; parallax_method=&#8220;on&#8220;][et_pb_blurb title=&#8220;climbing gardens&#8220; _builder_version=&#8220;3.0.106&#8243;]<\/p>\n<table cellspacing=\"1\" cellpadding=\"1\" border=\"1\" align=\"right\" summary=\"\">\n<tbody>\n<tr>\n<td>\n<div><span>Trip<\/span><\/div>\n<\/td>\n<td>\n<div><span>\u00a0<\/span><span>Distance<\/span><\/div>\n<\/td>\n<td>\n<div><span>\u00a0<\/span><span>Route<\/span><\/div>\n<\/td>\n<td>\n<div><span>\u00a0Difficulty<\/span><\/div>\n<\/td>\n<\/tr>\n<tr>\n<td>\n<div><span>\u00a0Gemmi<\/span><\/div>\n<\/td>\n<td>\n<div><span>\u00a0<\/span><span>\u00a0 15 km<\/span><\/div>\n<\/td>\n<td>\n<div><span>\u00a0<\/span><span>Leukerbad, Gemmibahn, J\u00e4gerboden<\/span><\/div>\n<\/td>\n<td>\n<div>Beginner to advanced<\/div>\n<\/td>\n<\/tr>\n<tr>\n<td>\n<div><span>\u00a0Bramois<\/span><\/div>\n<\/td>\n<td>\n<div><span>\u00a0\u00a0 28 km<\/span><\/div>\n<\/td>\n<td>\n<div><span>\u00a0<\/span><span>Sion, \u2192 Val d&#8217;H\u00e9rence, Bramois<\/span><\/div>\n<\/td>\n<td>\n<div>all difficulty levels<\/div>\n<\/td>\n<\/tr>\n<tr>\n<td>\n<div><span>Saas Fee<\/span><\/div>\n<\/td>\n<td>\n<div><span>\u00a0<\/span><span>\u00a0 50 km<\/span><\/div>\n<\/td>\n<td>\n<div><span>\u00a0<\/span><span>Visp \u2192 Saastal, Saas Grund, Saas Fee<\/span><\/div>\n<\/td>\n<td>\n<div>Beginner to advanced<\/div>\n<\/td>\n<\/tr>\n<\/tbody>\n<\/table>\n<p>[\/et_pb_blurb][\/et_pb_column][\/et_pb_row][et_pb_row _builder_version=&#8220;3.0.106&#8243; module_alignment=&#8220;left&#8220;][et_pb_column type=&#8220;4_4&#8243; _builder_version=&#8220;3.0.106&#8243; parallax=&#8220;off&#8220; parallax_method=&#8220;on&#8220;][et_pb_blurb title=&#8220;climbing halls&#8220; _builder_version=&#8220;3.0.106&#8243;]<\/p>\n<table cellspacing=\"1\" cellpadding=\"1\" border=\"1\" align=\"right\" summary=\"\">\n<tbody>\n<tr>\n<td>\n<div><span>Name<\/span><\/div>\n<\/td>\n<td>\n<div><span>\u00a0<\/span><span>Place<\/span><\/div>\n<\/td>\n<td>\n<div><span>\u00a0<\/span><span>Distance<\/span><\/div>\n<\/td>\n<td>\n<div><span>\u00a0Route<\/span><\/div>\n<\/td>\n<\/tr>\n<tr>\n<td>\n<div><span>\u00a0Sportfit<\/span><\/div>\n<\/td>\n<td>\n<div><span>\u00a0<\/span><span>Salgesch<\/span><\/div>\n<\/td>\n<td>\n<div><span>\u00a0<\/span><span>\u00a0\u00a0 8 km<\/span><\/div>\n<\/td>\n<td>\n<div><span>Susten, Salgesch<\/span><\/div>\n<\/td>\n<\/tr>\n<tr>\n<td>\n<div><span>\u00a0Sportzentrum<\/span><\/div>\n<\/td>\n<td>\n<div><span>\u00a0Gr\u00e4chen<\/span><\/div>\n<\/td>\n<td>\n<div><span>\u00a0<\/span><span>\u00a0 41 km<\/span><\/div>\n<\/td>\n<td>\n<div><span>Visp, Mattertal, Gr\u00e4chen<\/span><\/div>\n<\/td>\n<\/tr>\n<tr>\n<td>\n<div><span>\u00a0Feriencenter<\/span><\/div>\n<\/td>\n<td>\n<div><span>\u00a0<\/span><span>Fiesch<\/span><\/div>\n<\/td>\n<td>\n<div><span>\u00a0\u00a0\u00a0<\/span><span>45 km<\/span><\/div>\n<\/td>\n<td>\n<div><span>Visp, Naters, Fiesch<\/span><\/div>\n<\/td>\n<\/tr>\n<\/tbody>\n<\/table>\n<p>[\/et_pb_blurb][\/et_pb_column][\/et_pb_row][\/et_pb_section][et_pb_section fb_built=&#8220;1&#8243; _builder_version=&#8220;3.0.106&#8243;][\/et_pb_section]<\/p>\n","protected":false},"excerpt":{"rendered":"<p>[et_pb_section fb_built=&#8220;1&#8243; admin_label=&#8220;section&#8220; _builder_version=&#8220;3.0.47&#8243;][et_pb_row _builder_version=&#8220;3.0.106&#8243;][et_pb_column type=&#8220;1_2&#8243; _builder_version=&#8220;3.0.106&#8243; parallax=&#8220;off&#8220; parallax_method=&#8220;on&#8220;][et_pb_blurb title=&#8220;Mountain Huts&#8220; _builder_version=&#8220;3.0.106&#8243; header_level=&#8220;h1&#8243; header_font=&#8220;||||||||&#8220;] Mountain huts are both the destination of hikes and the starting point of alpine tours. If you want to stay there, we urgently recommend to book in advance, because especially in the high season, the seats are quickly occupied. Here are [&hellip;]<\/p>\n","protected":false},"author":1,"featured_media":0,"parent":0,"menu_order":0,"comment_status":"closed","ping_status":"closed","template":"","meta":{"footnotes":""},"_links":{"self":[{"href":"https:\/\/campgemmi.ch\/index.php?rest_route=\/wp\/v2\/pages\/538"}],"collection":[{"href":"https:\/\/campgemmi.ch\/index.php?rest_route=\/wp\/v2\/pages"}],"about":[{"href":"https:\/\/campgemmi.ch\/index.php?rest_route=\/wp\/v2\/types\/page"}],"author":[{"embeddable":true,"href":"https:\/\/campgemmi.ch\/index.php?rest_route=\/wp\/v2\/users\/1"}],"replies":[{"embeddable":true,"href":"https:\/\/campgemmi.ch\/index.php?rest_route=%2Fwp%2Fv2%2Fcomments&post=538"}],"version-history":[{"count":4,"href":"https:\/\/campgemmi.ch\/index.php?rest_route=\/wp\/v2\/pages\/538\/revisions"}],"predecessor-version":[{"id":842,"href":"https:\/\/campgemmi.ch\/index.php?rest_route=\/wp\/v2\/pages\/538\/revisions\/842"}],"wp:attachment":[{"href":"https:\/\/campgemmi.ch\/index.php?rest_route=%2Fwp%2Fv2%2Fmedia&parent=538"}],"curies":[{"name":"wp","href":"https:\/\/api.w.org\/{rel}","templated":true}]}}