{"id":537,"date":"2018-06-12T14:01:19","date_gmt":"2018-06-12T14:01:19","guid":{"rendered":"https:\/\/campgemmi.ch\/?page_id=537"},"modified":"2019-03-06T10:18:02","modified_gmt":"2019-03-06T10:18:02","slug":"alpine-erlebnisse","status":"publish","type":"page","link":"https:\/\/campgemmi.ch\/?page_id=537&lang=nl","title":{"rendered":"Alpine Erlebnisse"},"content":{"rendered":"<p>[et_pb_section fb_built=&#8220;1&#8243; admin_label=&#8220;section&#8220; _builder_version=&#8220;3.0.47&#8243;][et_pb_row _builder_version=&#8220;3.0.106&#8243;][et_pb_column type=&#8220;1_2&#8243; _builder_version=&#8220;3.0.106&#8243; parallax=&#8220;off&#8220; parallax_method=&#8220;on&#8220;][et_pb_blurb title=&#8220;Berghutten&#8220; _builder_version=&#8220;3.0.106&#8243; header_level=&#8220;h1&#8243; header_font=&#8220;||||||||&#8220;]<\/p>\n<p>Berghutten zijn zowel de bestemming van wandelingen als het startpunt van alpine tochten. Als u daar wilt verblijven, raden wij u dringend aan vooraf te reserveren, want vooral in het hoogseizoen zijn de stoelen snel bezet. Hier zijn enkele om uit te kiezen:<\/p>\n<table border=\"0\">\n<colgroup>\n<col \/><\/colgroup>\n<tbody>\n<tr>\n<td>\n<div><img decoding=\"async\" width=\"1\" src=\"data:image\/gif;base64,R0lGODlhAQABAJEAAAAAAP\/\/\/\/\/\/\/wAAACH5BAUUAAIALAAAAAABAAEAAAICVAEAOw==\" \/><\/div>\n<\/td>\n<\/tr>\n<tr>\n<td>\n<div>\n<div>\n<div>Turtmannh\u00fctte, 2&#8217;519 m boven zeeniveau<br \/>Telefoon +41 27 932.14.55<br \/>met de auto via Turtmann, Oberems tot het einde van de Turtmann-vallei<br \/>De beklimming duurt ongeveer 2 uur<\/div>\n<\/div>\n<\/div>\n<\/td>\n<\/tr>\n<tr>\n<td>\n<div><img decoding=\"async\" width=\"1\" src=\"data:image\/gif;base64,R0lGODlhAQABAJEAAAAAAP\/\/\/\/\/\/\/wAAACH5BAUUAAIALAAAAAABAAEAAAICVAEAOw==\" \/><\/div>\n<\/td>\n<\/tr>\n<tr>\n<td>\n<div>\n<div>\n<div>Sch\u00f6nbielh\u00fctte, 2&#8217;694 m boven de zeespiegel<br \/>Telefoon +41 27 967.13.54<br \/>Opvaart vanuit Zermatt, wandeltijd ca. 4 uur,<br \/>Bij het stijgen, altijd de Matterhorn in gedachten<\/div>\n<\/div>\n<\/div>\n<\/td>\n<\/tr>\n<tr>\n<td>\n<div><img decoding=\"async\" width=\"1\" src=\"data:image\/gif;base64,R0lGODlhAQABAJEAAAAAAP\/\/\/\/\/\/\/wAAACH5BAUUAAIALAAAAAABAAEAAAICVAEAOw==\" \/><\/div>\n<\/td>\n<\/tr>\n<tr>\n<td>\n<div>\n<div>\n<div>T\u00e4schh\u00fctte, 2&#8217;701 m.\u00fc.M.<br \/>Telefoon +41 27 967.39.13<br \/>van T\u00e4sch met de auto naar Ottavan,<br \/>Hoogteverschil ongeveer 1,5 uur<br \/>Prachtige alpine flora (Edelweiss)<\/div>\n<\/div>\n<\/div>\n<\/td>\n<\/tr>\n<tr>\n<td>\n<div><img decoding=\"async\" width=\"1\" src=\"data:image\/gif;base64,R0lGODlhAQABAJEAAAAAAP\/\/\/\/\/\/\/wAAACH5BAUUAAIALAAAAAABAAEAAAICVAEAOw==\" \/><\/div>\n<\/td>\n<\/tr>\n<tr>\n<td>\n<div>\n<div>\n<div>Weissmies Hut, 2.726 m boven de zeespiegel.<br \/>Telefoon +41 27 957.25.54<br \/>(Startpunt voor via ferrata J\u00e4gihorn)<br \/>met de bergbaan Saas-Grund naar Kreuzboden, vanaf daar ongeveer 1 uur te voet<br \/>of vanuit Saas-Grund direct met een lange hutstijging van bijna 4 uur<\/div>\n<\/div>\n<\/div>\n<\/td>\n<\/tr>\n<\/tbody>\n<\/table>\n<p>[\/et_pb_blurb][\/et_pb_column][et_pb_column type=&#8220;1_2&#8243; _builder_version=&#8220;3.0.106&#8243; parallax=&#8220;off&#8220; parallax_method=&#8220;on&#8220;][et_pb_image src=&#8220;https:\/\/campgemmi.ch\/wp-content\/uploads\/2018\/06\/0386A90E-70E8-4A3D-AF6C-43BB0F4521AE.jpg&#8220; _builder_version=&#8220;3.0.106&#8243;][\/et_pb_image][\/et_pb_column][\/et_pb_row][et_pb_row _builder_version=&#8220;3.0.106&#8243;][et_pb_column type=&#8220;1_2&#8243; _builder_version=&#8220;3.0.106&#8243; parallax=&#8220;off&#8220; parallax_method=&#8220;on&#8220;][et_pb_blurb title=&#8220;Onze eerste %22vierduizenders%22&#8243; _builder_version=&#8220;3.0.106&#8243; header_level=&#8220;h1&#8243; header_font=&#8220;||||||||&#8220;]<\/p>\n<table border=\"0\">\n<colgroup>\n<col \/><\/colgroup>\n<tbody>\n<tr>\n<td>Zelfs als we alleen &#8222;lichtere&#8220; vierduizenders aanraden, moet je zeker voldoende bergervaring meenemen. In geval van twijfel geven wij u graag adressen van geschikte berggidsen.<\/td>\n<\/tr>\n<tr>\n<td>\n<div><img decoding=\"async\" width=\"1\" src=\"data:image\/gif;base64,R0lGODlhAQABAJEAAAAAAP\/\/\/\/\/\/\/wAAACH5BAUUAAIALAAAAAABAAEAAAICVAEAOw==\" \/><\/div>\n<\/td>\n<\/tr>\n<tr>\n<td>\n<div>Weissmies, 4.023 m boven de zeespiegel.<br \/>1. met de auto via Visp naar Saas-Almagell in het Saastal (52 km \/ 1,5 uur)<br \/>van Almagell te voet in ongeveer 2 1\/2 uur naar Almagellerh\u00fctte (2.894 m boven de zeespiegel)<br \/>Vanaf daar klimmen we naar de Weissmies-top in ongeveer 4 uur<br \/>2. met de auto via Visp naar Saas-Grund in het Saastal (48 km \/ 1 h 20 min)<br \/>van Saas Grund met de trein naar Hohsaas (3.200 m boven zeeniveau),<br \/>Vanaf daar klimmen we naar de top van Weissmies in ongeveer 4 uur<\/div>\n<\/td>\n<\/tr>\n<tr>\n<td>\n<div><img decoding=\"async\" width=\"1\" src=\"data:image\/gif;base64,R0lGODlhAQABAJEAAAAAAP\/\/\/\/\/\/\/wAAACH5BAUUAAIALAAAAAABAAEAAAICVAEAOw==\" \/><\/div>\n<\/td>\n<\/tr>\n<tr>\n<td>\n<div>\n<div><span>Allalin,\u00a0 4&#8217;027 m.\u00fc.M.<\/span><\/div>\n<div><span>mit dem Auto \u00fcber Visp ins Saastal nach Saas-Fee (50 km \/ 1,5 Stunden)<\/span><\/div>\n<div><span>ab\u00a0 Saas Fee<\/span><span>\u00a0mit der Bahn zum\u00a0<\/span><span>Mittelallalin<\/span><span>\u00a0(3&#8217;454 m.\u00fc.M.),<\/span><\/div>\n<div><span>von dort Aufstieg zum Gipfel in ca. 3 Stunden<\/span><\/div>\n<\/div>\n<\/td>\n<\/tr>\n<tr>\n<td><\/td>\n<\/tr>\n<tr>\n<td>Bishorn, 4.153 meter boven de zeespiegel.<br \/>met de auto naar Val d&#8217;Anniviers naar Zinal (33 km \/ 45 min),<br \/>te voet in ongeveer 4 uur naar Tracuith\u00fctte (3&#8217;260 m boven zeeniveau),<br \/>Vanaf daar klim je in ongeveer 2 1\/2 uur naar Bishorn<\/td>\n<\/tr>\n<tr>\n<td>\n<div><img decoding=\"async\" width=\"1\" src=\"data:image\/gif;base64,R0lGODlhAQABAJEAAAAAAP\/\/\/\/\/\/\/wAAACH5BAUUAAIALAAAAAABAAEAAAICVAEAOw==\" \/><\/div>\n<\/td>\n<\/tr>\n<tr>\n<td>Breithorn, 4.164 meter boven de zeespiegel.<br \/>met de auto via Visp naar T\u00e4sch (55 km \/ 1,5 uur) in het Mattertal,<br \/>met de shuttletrein naar Zermatt,<br \/>van Zermatt met de bergtrein naar Klein Matterhorn (3.818 m boven de zeespiegel),<br \/>van daaruit klimt u in ongeveer 2 1\/2 uur naar de top van Breithorn<\/td>\n<\/tr>\n<tr>\n<td>\n<div><img decoding=\"async\" width=\"1\" src=\"data:image\/gif;base64,R0lGODlhAQABAJEAAAAAAP\/\/\/\/\/\/\/wAAACH5BAUUAAIALAAAAAABAAEAAAICVAEAOw==\" \/><\/div>\n<\/td>\n<\/tr>\n<tr>\n<td>\n<div>Alphubel, 4&#8217;206 meter boven zeeniveau<br \/>met de auto via T\u00e4sch in het Mattertal (55 km \/ 1,5 uur), op bochtige wegen,<br \/>doorgaan op de smalle bergweg voor ongeveer 8 km naar de T\u00e4schalp \/ Ottavan (2&#8217;214 m boven de zeespiegel),<br \/>te voet in ongeveer 1 1\/2 uur naar T\u00e4sch hut (2&#8217;701 m.\u00fc.M.),<br \/>Vanaf daar klim je in ongeveer 4 uur naar de top van Alphubel<\/div>\n<\/td>\n<\/tr>\n<\/tbody>\n<\/table>\n<p>[\/et_pb_blurb][\/et_pb_column][et_pb_column type=&#8220;1_2&#8243; _builder_version=&#8220;3.0.106&#8243; parallax=&#8220;off&#8220; parallax_method=&#8220;on&#8220;][et_pb_image src=&#8220;https:\/\/campgemmi.ch\/wp-content\/uploads\/2018\/06\/40E936A8-230F-4CCA-8E14-556F870BEBBD.jpg&#8220; _builder_version=&#8220;3.0.106&#8243;][\/et_pb_image][\/et_pb_column][\/et_pb_row][et_pb_row _builder_version=&#8220;3.0.106&#8243;][et_pb_column type=&#8220;4_4&#8243; _builder_version=&#8220;3.0.106&#8243; parallax=&#8220;off&#8220; parallax_method=&#8220;on&#8220;][et_pb_image src=&#8220;https:\/\/campgemmi.ch\/wp-content\/uploads\/2018\/06\/FB3F6C13-F0D5-4C81-AC77-A6F1C7EA7DF4.jpg&#8220; _builder_version=&#8220;3.0.106&#8243;][\/et_pb_image][\/et_pb_column][\/et_pb_row][et_pb_row _builder_version=&#8220;3.0.106&#8243; module_alignment=&#8220;left&#8220;][et_pb_column type=&#8220;4_4&#8243; _builder_version=&#8220;3.0.106&#8243; parallax=&#8220;off&#8220; parallax_method=&#8220;on&#8220;][et_pb_blurb title=&#8220;beklim de hellingen &#8211; Via Ferrata&#8220; _builder_version=&#8220;3.0.106&#8243;]<\/p>\n<table width=\"673\" height=\"405\">\n<tbody>\n<tr>\n<td valign=\"top\" style=\"width: 147px;\">\n<div><strong>tour<\/strong><\/div>\n<\/td>\n<td valign=\"top\" style=\"width: 126px;\">\n<div><strong> plaats<\/strong><\/div>\n<\/td>\n<td valign=\"top\" style=\"width: 163px;\"><strong>moeilijkheid<\/strong><\/td>\n<td valign=\"top\" style=\"width: 113px;\">\n<div><span>\u00a0 <strong>Dauer<\/strong><\/span><\/div>\n<\/td>\n<\/tr>\n<tr>\n<td valign=\"top\" style=\"width: 147px;\">\n<div><span>\u00a0<\/span><a href=\"http:\/\/www.klettersteig.de\/klettersteig\/klettersteig_aletsch\/877\">Aletsch<\/a><\/div>\n<\/td>\n<td valign=\"top\" style=\"width: 126px;\">\n<div><span>Blatten<\/span><\/div>\n<\/td>\n<td valign=\"top\" style=\"width: 163px;\">\n<div><span>K 3 best moeilijk<\/span><\/div>\n<\/td>\n<td valign=\"top\" style=\"width: 113px;\">\n<div><span>3.5 uur\u00a0 \u00a0<\/span><\/div>\n<\/td>\n<\/tr>\n<tr>\n<td valign=\"top\" style=\"width: 147px;\">\n<div><span>\u00a0<\/span><a href=\"http:\/\/www.wiwanni.ch\/aktivitaeten\/klettersteige\/klettersteig-baltschiedertal-wiwannihuette\/\">Baltschieder<\/a><\/div>\n<\/td>\n<td valign=\"top\" style=\"width: 126px;\">\n<div><span>Ausserberg<\/span><\/div>\n<\/td>\n<td valign=\"top\" style=\"width: 163px;\">\n<div><span>K 3 &#8211; 4\u00a0\u00a0\u00a0schwierig<\/span><\/div>\n<\/td>\n<td valign=\"top\" style=\"width: 113px;\">\n<div><span>8.0 uur<\/span><\/div>\n<\/td>\n<\/tr>\n<tr>\n<td valign=\"top\" style=\"width: 147px;\">\n<div><span>\u00a0<\/span><a href=\"http:\/\/www.leukerbad.ch\/de\/navpage.cfm?category=SportLB&amp;subcat=SportSLB&amp;id=11305\">Daubenhorn<\/a><span>\u00a0\u00a0\u00a0<\/span><\/div>\n<\/td>\n<td valign=\"top\" style=\"width: 126px;\">\n<div><span>Leukerbad<\/span><\/div>\n<\/td>\n<td valign=\"top\" style=\"width: 163px;\">\n<div><span>K 5 &#8211;\u00a0 6\u00a0 uiterst moeilijk<\/span><\/div>\n<\/td>\n<td valign=\"top\" style=\"width: 113px;\">\n<div><span>8.0 uur<\/span><\/div>\n<\/td>\n<\/tr>\n<tr>\n<td valign=\"top\" style=\"width: 147px;\">\n<div><span>\u00a0<\/span><a href=\"http:\/\/www.viaferrata.org\/suisse\/c3g1nax.htm\">Belved\u00e8re<\/a><\/div>\n<\/td>\n<td valign=\"top\" style=\"width: 126px;\">\n<div><span>Nax<\/span><\/div>\n<\/td>\n<td valign=\"top\" style=\"width: 163px;\">\n<div>\n<div><span>K 3 &#8211; 4\u00a0<\/span><\/div>\n<\/div>\n<div><span>moeilijk<\/span><\/div>\n<\/td>\n<td valign=\"top\" style=\"width: 113px;\">\n<div><span>2.0 uur<\/span><\/div>\n<\/td>\n<\/tr>\n<tr>\n<td valign=\"top\" style=\"width: 147px;\">\n<div><span>\u00a0<\/span><a href=\"http:\/\/www.sac-saas.ch\/Clubnachrichten\/documents\/Jegihorn.pdf\">Jegihorn<\/a><\/div>\n<\/td>\n<td valign=\"top\" style=\"width: 126px;\">\n<div><span>Saas Grund\u00a0\u00a0\u00a0\u00a0\u00a0<\/span><\/div>\n<\/td>\n<td valign=\"top\" style=\"width: 163px;\">\n<div>\n<div><span>K 4\u00a0<\/span><\/div>\n<\/div>\n<div><span>moeilijk<\/span><\/div>\n<\/td>\n<td valign=\"top\" style=\"width: 113px;\">\n<div><span>6.0 uurr<\/span><\/div>\n<\/td>\n<\/tr>\n<tr>\n<td valign=\"top\" style=\"width: 147px;\">\n<div><span>\u00a0<\/span><a href=\"http:\/\/www.viaferrata.org\/suisse\/c313Evolene.htm#Via-Ferrata\">Evol\u00e8ne<\/a><\/div>\n<\/td>\n<td valign=\"top\" style=\"width: 126px;\">\n<div><span>Evol\u00e8ne\u00a0<\/span><\/div>\n<div><\/div>\n<\/td>\n<td valign=\"top\" style=\"width: 163px;\">\n<div>\n<div><span>K 3 -4\u00a0 \u00a0<\/span><\/div>\n<\/div>\n<div><span>moeilijk<\/span><\/div>\n<div><span style=\"font-size: 14px;\">K 5\u00a0<\/span><\/div>\n<div><span style=\"font-size: 14px;\">uiterst moeilijk<\/span><\/div>\n<\/td>\n<td valign=\"top\" style=\"width: 113px;\">\n<div><span>2.5 uur<\/span><\/div>\n<\/td>\n<\/tr>\n<\/tbody>\n<\/table>\n<p>[\/et_pb_blurb][\/et_pb_column][\/et_pb_row][et_pb_row _builder_version=&#8220;3.0.106&#8243; module_alignment=&#8220;left&#8220;][et_pb_column type=&#8220;4_4&#8243; _builder_version=&#8220;3.0.106&#8243; parallax=&#8220;off&#8220; parallax_method=&#8220;on&#8220;][et_pb_blurb title=&#8220;rotsen&#8220; _builder_version=&#8220;3.0.106&#8243;]<\/p>\n<table cellspacing=\"1\" cellpadding=\"1\" border=\"1\" align=\"right\" summary=\"\" width=\"581\" height=\"278\">\n<tbody>\n<tr>\n<td style=\"width: 107px;\"><strong>naam<\/strong><\/td>\n<td style=\"width: 99px;\">\n<div><strong> afstand<\/strong><\/div>\n<\/td>\n<td style=\"width: 161px;\">\n<div><strong> route<\/strong><\/div>\n<\/td>\n<td style=\"width: 182px;\">\n<div><strong> moeilijkheid<\/strong><\/div>\n<\/td>\n<\/tr>\n<tr>\n<td style=\"width: 107px;\">\n<div><span>\u00a0Gemmi<\/span><\/div>\n<\/td>\n<td style=\"width: 99px;\">\n<div><span>15 km<\/span><\/div>\n<\/td>\n<td style=\"width: 161px;\">\n<div><span>Leukerbad, Gemmibahn, J\u00e4gerboden<\/span><\/div>\n<\/td>\n<td style=\"width: 182px;\">\n<div>Beginner tot gevorderd<\/div>\n<\/td>\n<\/tr>\n<tr>\n<td style=\"width: 107px;\">\n<div><span>\u00a0Bramois<\/span><\/div>\n<\/td>\n<td style=\"width: 99px;\">\n<div><span>28 km<\/span><\/div>\n<\/td>\n<td style=\"width: 161px;\">\n<div><span>Sion, \u2192 Val d&#8217;H\u00e9rence, Bramois<\/span><\/div>\n<\/td>\n<td style=\"width: 182px;\">\n<div>alle moeilijkheidsgraden<\/div>\n<\/td>\n<\/tr>\n<tr>\n<td style=\"width: 107px;\">\n<div><span>Saas Fee<\/span><\/div>\n<\/td>\n<td style=\"width: 99px;\">\n<div><span>50 km<\/span><\/div>\n<\/td>\n<td style=\"width: 161px;\">\n<div><span>Visp \u2192 Saastal, Saas Grund, Saas Fee<\/span><\/div>\n<\/td>\n<td style=\"width: 182px;\">\n<div>Beginners bisb advanced<\/div>\n<\/td>\n<\/tr>\n<\/tbody>\n<\/table>\n<p>[\/et_pb_blurb][\/et_pb_column][\/et_pb_row][et_pb_row _builder_version=&#8220;3.0.106&#8243; module_alignment=&#8220;left&#8220;][et_pb_column type=&#8220;4_4&#8243; _builder_version=&#8220;3.0.106&#8243; parallax=&#8220;off&#8220; parallax_method=&#8220;on&#8220;][et_pb_blurb title=&#8220;klimmen sportscholen&#8220; _builder_version=&#8220;3.0.106&#8243;]<\/p>\n<table cellspacing=\"1\" cellpadding=\"1\" border=\"1\" align=\"right\" summary=\"\">\n<tbody>\n<tr>\n<td>\n<div><strong>naam<\/strong><\/div>\n<\/td>\n<td>\n<div><strong> plaats<\/strong><\/div>\n<\/td>\n<td>\n<div><span><strong>moeilijkheid<\/strong><\/span><\/div>\n<\/td>\n<td>\n<div><span>\u00a0<strong>route<\/strong><\/span><\/div>\n<\/td>\n<\/tr>\n<tr>\n<td>\n<div><span>\u00a0Sportfit<\/span><\/div>\n<\/td>\n<td>\n<div><span>\u00a0<\/span><span>Salgesch<\/span><\/div>\n<\/td>\n<td>\n<div><span>\u00a0<\/span><span>\u00a0\u00a0 8 km<\/span><\/div>\n<\/td>\n<td>\n<div><span>Susten, Salgesch<\/span><\/div>\n<\/td>\n<\/tr>\n<tr>\n<td>\n<div><span>\u00a0Sportzentrum<\/span><\/div>\n<\/td>\n<td>\n<div><span>\u00a0Gr\u00e4chen<\/span><\/div>\n<\/td>\n<td>\n<div><span>\u00a0<\/span><span>\u00a0 41 km<\/span><\/div>\n<\/td>\n<td>\n<div><span>Visp, Mattertal, Gr\u00e4chen<\/span><\/div>\n<\/td>\n<\/tr>\n<tr>\n<td>\n<div><span>\u00a0Feriencenter<\/span><\/div>\n<\/td>\n<td>\n<div><span>\u00a0<\/span><span>Fiesch<\/span><\/div>\n<\/td>\n<td>\n<div><span>\u00a0\u00a0\u00a0<\/span><span>45 km<\/span><\/div>\n<\/td>\n<td>\n<div><span>Visp, Naters, Fiesch<\/span><\/div>\n<\/td>\n<\/tr>\n<\/tbody>\n<\/table>\n<p>[\/et_pb_blurb][\/et_pb_column][\/et_pb_row][\/et_pb_section][et_pb_section fb_built=&#8220;1&#8243; _builder_version=&#8220;3.0.106&#8243;][\/et_pb_section]<\/p>\n","protected":false},"excerpt":{"rendered":"<p>[et_pb_section fb_built=&#8220;1&#8243; admin_label=&#8220;section&#8220; _builder_version=&#8220;3.0.47&#8243;][et_pb_row _builder_version=&#8220;3.0.106&#8243;][et_pb_column type=&#8220;1_2&#8243; _builder_version=&#8220;3.0.106&#8243; parallax=&#8220;off&#8220; parallax_method=&#8220;on&#8220;][et_pb_blurb title=&#8220;Berghutten&#8220; _builder_version=&#8220;3.0.106&#8243; header_level=&#8220;h1&#8243; header_font=&#8220;||||||||&#8220;] Berghutten zijn zowel de bestemming van wandelingen als het startpunt van alpine tochten. Als u daar wilt verblijven, raden wij u dringend aan vooraf te reserveren, want vooral in het hoogseizoen zijn de stoelen snel bezet. Hier zijn enkele om uit te [&hellip;]<\/p>\n","protected":false},"author":1,"featured_media":0,"parent":0,"menu_order":0,"comment_status":"closed","ping_status":"closed","template":"","meta":{"footnotes":""},"_links":{"self":[{"href":"https:\/\/campgemmi.ch\/index.php?rest_route=\/wp\/v2\/pages\/537"}],"collection":[{"href":"https:\/\/campgemmi.ch\/index.php?rest_route=\/wp\/v2\/pages"}],"about":[{"href":"https:\/\/campgemmi.ch\/index.php?rest_route=\/wp\/v2\/types\/page"}],"author":[{"embeddable":true,"href":"https:\/\/campgemmi.ch\/index.php?rest_route=\/wp\/v2\/users\/1"}],"replies":[{"embeddable":true,"href":"https:\/\/campgemmi.ch\/index.php?rest_route=%2Fwp%2Fv2%2Fcomments&post=537"}],"version-history":[{"count":3,"href":"https:\/\/campgemmi.ch\/index.php?rest_route=\/wp\/v2\/pages\/537\/revisions"}],"predecessor-version":[{"id":860,"href":"https:\/\/campgemmi.ch\/index.php?rest_route=\/wp\/v2\/pages\/537\/revisions\/860"}],"wp:attachment":[{"href":"https:\/\/campgemmi.ch\/index.php?rest_route=%2Fwp%2Fv2%2Fmedia&parent=537"}],"curies":[{"name":"wp","href":"https:\/\/api.w.org\/{rel}","templated":true}]}}